{"id":4280,"date":"2021-01-01T23:37:39","date_gmt":"2021-01-01T22:37:39","guid":{"rendered":"https:\/\/www.ffw-heubach.de\/?page_id=4280"},"modified":"2021-01-01T23:37:40","modified_gmt":"2021-01-01T22:37:40","slug":"einsaetze-2021","status":"publish","type":"page","link":"https:\/\/www.ffw-heubach.de\/?page_id=4280","title":{"rendered":"Eins\u00e4tze 2021"},"content":{"rendered":"\n<p><strong>Erhalten sie einen \u00dcberblick \u00fcber vergangene Eins\u00e4tze im Kalenderjahr 2021.<\/strong><\/p>\n\n\n\n<p><em>Wichtiger Hinweis:&nbsp; Auf unserer Internetseite berichten wir ausf\u00fchrlich (also auch mit Bildmaterial) \u00fcber unser Einsatzgeschehen. Bilder werden durch uns erst gemacht, wenn das Einsatzgeschehen dies zul\u00e4sst. In vielen F\u00e4llen greifen wir auch auf Bildmaterial der Medien zur\u00fcck. Es werden keine Bilder von Verletzten oder Toten gemacht oder hier ver\u00f6ffentlicht ! Sollten Sie Einw\u00e4nde gegen die hier ver\u00f6ffentlichen Fotos oder Berichte haben, wenden Sie sich bitte vertrauensvoll an unseren Webmaster.<\/em><\/p>\n\n\n\n<h2>Eins\u00e4tze 2021<\/h2><table class=\"einsatzverwaltung-reportlist\"><tbody><tr class=\"einsatz-title-month\"><td colspan=\"5\">Dezember<\/td><\/tr><tr class=\"einsatz-header\"><th style=\"white-space: nowrap;\">Nummer<\/th><th style=\"white-space: nowrap;\">Datum<\/th><th style=\"\">Einsatzmeldung<\/th><th style=\"\">Einsatzort<\/th><th style=\"\"><\/th><\/tr><tr class=\"report\"><td class=\"smallscreen\" colspan=\"5\" data-permalink=\"https:\/\/www.ffw-heubach.de\/?einsatz=ueberlandhilfe-brandmeldealarm-entsorgungsanlage\"><div class=\"annotation-icon-bar\"><i class=\"fa-solid fa-camera\" aria-hidden=\"true\" title=\"Bericht enth\u00e4lt keine Bilder\" style=\"color: #bbb;\"><\/i><\/div><span class=\"einsatz-number\"><strong>Nummer:<\/strong> 2021050<\/span><br><span class=\"einsatz-datetime\"><strong>Datum:<\/strong> 29.12.2021 10:20<\/span><br><span class=\"einsatz-title\"><strong>Einsatzmeldung:<\/strong> <a href=\"https:\/\/www.ffw-heubach.de\/?einsatz=ueberlandhilfe-brandmeldealarm-entsorgungsanlage\" rel=\"bookmark\">\u00dcberlandhilfe Brandmeldealarm Entsorgungsanlage<\/a><\/span><br><span class=\"einsatz-location\"><strong>Einsatzort:<\/strong> Ellertstra\u00dfe, Essingen<\/span><br><\/td><td class=\"einsatz-column-number\">2021050<\/td><td class=\"einsatz-column-datetime\">29.12.2021 10:20<\/td><td class=\"einsatz-column-title\"><a href=\"https:\/\/www.ffw-heubach.de\/?einsatz=ueberlandhilfe-brandmeldealarm-entsorgungsanlage\" rel=\"bookmark\">\u00dcberlandhilfe Brandmeldealarm Entsorgungsanlage<\/a><\/td><td class=\"einsatz-column-location\">Ellertstra\u00dfe, Essingen<\/td><td class=\"einsatz-column-annotationImages\"><i class=\"fa-solid fa-camera\" aria-hidden=\"true\" title=\"Bericht enth\u00e4lt keine Bilder\" style=\"color: #bbb;\"><\/i><\/td><\/tr><tr class=\"report\"><td class=\"smallscreen\" colspan=\"5\" data-permalink=\"https:\/\/www.ffw-heubach.de\/?einsatz=person-in-aufzug\"><div class=\"annotation-icon-bar\"><i class=\"fa-solid fa-camera\" aria-hidden=\"true\" title=\"Bericht enth\u00e4lt keine Bilder\" style=\"color: #bbb;\"><\/i><\/div><span class=\"einsatz-number\"><strong>Nummer:<\/strong> 2021049<\/span><br><span class=\"einsatz-datetime\"><strong>Datum:<\/strong> 18.12.2021 18:59<\/span><br><span class=\"einsatz-title\"><strong>Einsatzmeldung:<\/strong> <a href=\"https:\/\/www.ffw-heubach.de\/?einsatz=person-in-aufzug\" rel=\"bookmark\">Person in Aufzug<\/a><\/span><br><span class=\"einsatz-location\"><strong>Einsatzort:<\/strong> Gm\u00fcnder Stra\u00dfe, Heubach<\/span><br><\/td><td class=\"einsatz-column-number\">2021049<\/td><td class=\"einsatz-column-datetime\">18.12.2021 18:59<\/td><td class=\"einsatz-column-title\"><a href=\"https:\/\/www.ffw-heubach.de\/?einsatz=person-in-aufzug\" rel=\"bookmark\">Person in Aufzug<\/a><\/td><td class=\"einsatz-column-location\">Gm\u00fcnder Stra\u00dfe, Heubach<\/td><td class=\"einsatz-column-annotationImages\"><i class=\"fa-solid fa-camera\" aria-hidden=\"true\" title=\"Bericht enth\u00e4lt keine Bilder\" style=\"color: #bbb;\"><\/i><\/td><\/tr><tr class=\"report\"><td class=\"smallscreen\" colspan=\"5\" data-permalink=\"https:\/\/www.ffw-heubach.de\/?einsatz=brand-ausserhalb-gebaeude\"><div class=\"annotation-icon-bar\"><i class=\"fa-solid fa-camera\" aria-hidden=\"true\" title=\"Bericht enth\u00e4lt keine Bilder\" style=\"color: #bbb;\"><\/i><\/div><span class=\"einsatz-number\"><strong>Nummer:<\/strong> 2021048<\/span><br><span class=\"einsatz-datetime\"><strong>Datum:<\/strong> 10.12.2021 08:31<\/span><br><span class=\"einsatz-title\"><strong>Einsatzmeldung:<\/strong> <a href=\"https:\/\/www.ffw-heubach.de\/?einsatz=brand-ausserhalb-gebaeude\" rel=\"bookmark\">Brand au\u00dferhalb Geb\u00e4ude<\/a><\/span><br><span class=\"einsatz-location\"><strong>Einsatzort:<\/strong> M\u00f6gglinger Stra\u00dfe, Heubach<\/span><br><\/td><td class=\"einsatz-column-number\">2021048<\/td><td class=\"einsatz-column-datetime\">10.12.2021 08:31<\/td><td class=\"einsatz-column-title\"><a href=\"https:\/\/www.ffw-heubach.de\/?einsatz=brand-ausserhalb-gebaeude\" rel=\"bookmark\">Brand au\u00dferhalb Geb\u00e4ude<\/a><\/td><td class=\"einsatz-column-location\">M\u00f6gglinger Stra\u00dfe, Heubach<\/td><td class=\"einsatz-column-annotationImages\"><i class=\"fa-solid fa-camera\" aria-hidden=\"true\" title=\"Bericht enth\u00e4lt keine Bilder\" style=\"color: #bbb;\"><\/i><\/td><\/tr><tr class=\"zebracorrection\"><td colspan=\"5\">&nbsp;<\/td><\/tr><tr class=\"einsatz-title-month\"><td colspan=\"5\">November<\/td><\/tr><tr class=\"einsatz-header\"><th style=\"white-space: nowrap;\">Nummer<\/th><th style=\"white-space: nowrap;\">Datum<\/th><th style=\"\">Einsatzmeldung<\/th><th style=\"\">Einsatzort<\/th><th style=\"\"><\/th><\/tr><tr class=\"report\"><td class=\"smallscreen\" colspan=\"5\" data-permalink=\"https:\/\/www.ffw-heubach.de\/?einsatz=oelspur-7\"><div class=\"annotation-icon-bar\"><i class=\"fa-solid fa-camera\" aria-hidden=\"true\" title=\"Bericht enth\u00e4lt keine Bilder\" style=\"color: #bbb;\"><\/i><\/div><span class=\"einsatz-number\"><strong>Nummer:<\/strong> 2021047<\/span><br><span class=\"einsatz-datetime\"><strong>Datum:<\/strong> 23.11.2021 19:00<\/span><br><span class=\"einsatz-title\"><strong>Einsatzmeldung:<\/strong> <a href=\"https:\/\/www.ffw-heubach.de\/?einsatz=oelspur-7\" rel=\"bookmark\">\u00d6lspur<\/a><\/span><br><span class=\"einsatz-location\"><strong>Einsatzort:<\/strong> B\u00f6binger Stra\u00dfe, Heubach<\/span><br><\/td><td class=\"einsatz-column-number\">2021047<\/td><td class=\"einsatz-column-datetime\">23.11.2021 19:00<\/td><td class=\"einsatz-column-title\"><a href=\"https:\/\/www.ffw-heubach.de\/?einsatz=oelspur-7\" rel=\"bookmark\">\u00d6lspur<\/a><\/td><td class=\"einsatz-column-location\">B\u00f6binger Stra\u00dfe, Heubach<\/td><td class=\"einsatz-column-annotationImages\"><i class=\"fa-solid fa-camera\" aria-hidden=\"true\" title=\"Bericht enth\u00e4lt keine Bilder\" style=\"color: #bbb;\"><\/i><\/td><\/tr><tr class=\"report\"><td class=\"smallscreen\" colspan=\"5\" data-permalink=\"https:\/\/www.ffw-heubach.de\/?einsatz=brandmeldeanlage-industriegebaeude-2\"><div class=\"annotation-icon-bar\"><i class=\"fa-solid fa-camera\" aria-hidden=\"true\" title=\"Bericht enth\u00e4lt keine Bilder\" style=\"color: #bbb;\"><\/i><\/div><span class=\"einsatz-number\"><strong>Nummer:<\/strong> 2021046<\/span><br><span class=\"einsatz-datetime\"><strong>Datum:<\/strong> 23.11.2021 13:21<\/span><br><span class=\"einsatz-title\"><strong>Einsatzmeldung:<\/strong> <a href=\"https:\/\/www.ffw-heubach.de\/?einsatz=brandmeldeanlage-industriegebaeude-2\" rel=\"bookmark\">Brandmeldeanlage Industriegeb\u00e4ude<\/a><\/span><br><span class=\"einsatz-location\"><strong>Einsatzort:<\/strong> Am Flugplatz, Heubach<\/span><br><\/td><td class=\"einsatz-column-number\">2021046<\/td><td class=\"einsatz-column-datetime\">23.11.2021 13:21<\/td><td class=\"einsatz-column-title\"><a href=\"https:\/\/www.ffw-heubach.de\/?einsatz=brandmeldeanlage-industriegebaeude-2\" rel=\"bookmark\">Brandmeldeanlage Industriegeb\u00e4ude<\/a><\/td><td class=\"einsatz-column-location\">Am Flugplatz, Heubach<\/td><td class=\"einsatz-column-annotationImages\"><i class=\"fa-solid fa-camera\" aria-hidden=\"true\" title=\"Bericht enth\u00e4lt keine Bilder\" style=\"color: #bbb;\"><\/i><\/td><\/tr><tr class=\"report\"><td class=\"smallscreen\" colspan=\"5\" data-permalink=\"https:\/\/www.ffw-heubach.de\/?einsatz=ueberlandhilfe-brandmeldeanlage-sondergebaeude\"><div class=\"annotation-icon-bar\"><i class=\"fa-solid fa-camera\" aria-hidden=\"true\" title=\"Bericht enth\u00e4lt keine Bilder\" style=\"color: #bbb;\"><\/i><\/div><span class=\"einsatz-number\"><strong>Nummer:<\/strong> 2021045<\/span><br><span class=\"einsatz-datetime\"><strong>Datum:<\/strong> 15.11.2021 15:56<\/span><br><span class=\"einsatz-title\"><strong>Einsatzmeldung:<\/strong> <a href=\"https:\/\/www.ffw-heubach.de\/?einsatz=ueberlandhilfe-brandmeldeanlage-sondergebaeude\" rel=\"bookmark\">\u00dcberlandhilfe Brandmeldeanlage Sondergeb\u00e4ude<\/a><\/span><br><span class=\"einsatz-location\"><strong>Einsatzort:<\/strong> Scheulbergstra\u00dfe, B\u00f6bingen an der Rems<\/span><br><\/td><td class=\"einsatz-column-number\">2021045<\/td><td class=\"einsatz-column-datetime\">15.11.2021 15:56<\/td><td class=\"einsatz-column-title\"><a href=\"https:\/\/www.ffw-heubach.de\/?einsatz=ueberlandhilfe-brandmeldeanlage-sondergebaeude\" rel=\"bookmark\">\u00dcberlandhilfe Brandmeldeanlage Sondergeb\u00e4ude<\/a><\/td><td class=\"einsatz-column-location\">Scheulbergstra\u00dfe, B\u00f6bingen an der Rems<\/td><td class=\"einsatz-column-annotationImages\"><i class=\"fa-solid fa-camera\" aria-hidden=\"true\" title=\"Bericht enth\u00e4lt keine Bilder\" style=\"color: #bbb;\"><\/i><\/td><\/tr><tr class=\"report\"><td class=\"smallscreen\" colspan=\"5\" data-permalink=\"https:\/\/www.ffw-heubach.de\/?einsatz=ueberlandhilfe-dachstuhlbrand\"><div class=\"annotation-icon-bar\"><i class=\"fa-solid fa-camera\" aria-hidden=\"true\" title=\"Bericht enth\u00e4lt Bilder\" style=\"\"><\/i><\/div><span class=\"einsatz-number\"><strong>Nummer:<\/strong> 2021044<\/span><br><span class=\"einsatz-datetime\"><strong>Datum:<\/strong> 11.11.2021 07:30<\/span><br><span class=\"einsatz-title\"><strong>Einsatzmeldung:<\/strong> <a href=\"https:\/\/www.ffw-heubach.de\/?einsatz=ueberlandhilfe-dachstuhlbrand\" rel=\"bookmark\">\u00dcberlandhilfe Dachstuhlbrand<\/a><\/span><br><span class=\"einsatz-location\"><strong>Einsatzort:<\/strong> Bahnhofstra\u00dfe, B\u00f6bingen an der Rems<\/span><br><\/td><td class=\"einsatz-column-number\">2021044<\/td><td class=\"einsatz-column-datetime\">11.11.2021 07:30<\/td><td class=\"einsatz-column-title\"><a href=\"https:\/\/www.ffw-heubach.de\/?einsatz=ueberlandhilfe-dachstuhlbrand\" rel=\"bookmark\">\u00dcberlandhilfe Dachstuhlbrand<\/a><\/td><td class=\"einsatz-column-location\">Bahnhofstra\u00dfe, B\u00f6bingen an der Rems<\/td><td class=\"einsatz-column-annotationImages\"><i class=\"fa-solid fa-camera\" aria-hidden=\"true\" title=\"Bericht enth\u00e4lt Bilder\" style=\"\"><\/i><\/td><\/tr><tr class=\"report\"><td class=\"smallscreen\" colspan=\"5\" data-permalink=\"https:\/\/www.ffw-heubach.de\/?einsatz=brandmeldeanlage-industriegebaeude\"><div class=\"annotation-icon-bar\"><i class=\"fa-solid fa-camera\" aria-hidden=\"true\" title=\"Bericht enth\u00e4lt keine Bilder\" style=\"color: #bbb;\"><\/i><\/div><span class=\"einsatz-number\"><strong>Nummer:<\/strong> 2021043<\/span><br><span class=\"einsatz-datetime\"><strong>Datum:<\/strong> 04.11.2021 06:37<\/span><br><span class=\"einsatz-title\"><strong>Einsatzmeldung:<\/strong> <a href=\"https:\/\/www.ffw-heubach.de\/?einsatz=brandmeldeanlage-industriegebaeude\" rel=\"bookmark\">Brandmeldeanlage Industriegeb\u00e4ude<\/a><\/span><br><span class=\"einsatz-location\"><strong>Einsatzort:<\/strong> Am Flugplatz, Heubach<\/span><br><\/td><td class=\"einsatz-column-number\">2021043<\/td><td class=\"einsatz-column-datetime\">04.11.2021 06:37<\/td><td class=\"einsatz-column-title\"><a href=\"https:\/\/www.ffw-heubach.de\/?einsatz=brandmeldeanlage-industriegebaeude\" rel=\"bookmark\">Brandmeldeanlage Industriegeb\u00e4ude<\/a><\/td><td class=\"einsatz-column-location\">Am Flugplatz, Heubach<\/td><td class=\"einsatz-column-annotationImages\"><i class=\"fa-solid fa-camera\" aria-hidden=\"true\" title=\"Bericht enth\u00e4lt keine Bilder\" style=\"color: #bbb;\"><\/i><\/td><\/tr><tr class=\"report\"><td class=\"smallscreen\" colspan=\"5\" data-permalink=\"https:\/\/www.ffw-heubach.de\/?einsatz=ueberlandhilfe-brand-im-gebaeude\"><div class=\"annotation-icon-bar\"><i class=\"fa-solid fa-camera\" aria-hidden=\"true\" title=\"Bericht enth\u00e4lt keine Bilder\" style=\"color: #bbb;\"><\/i><\/div><span class=\"einsatz-number\"><strong>Nummer:<\/strong> 2021042<\/span><br><span class=\"einsatz-datetime\"><strong>Datum:<\/strong> 03.11.2021 10:17<\/span><br><span class=\"einsatz-title\"><strong>Einsatzmeldung:<\/strong> <a href=\"https:\/\/www.ffw-heubach.de\/?einsatz=ueberlandhilfe-brand-im-gebaeude\" rel=\"bookmark\">\u00dcberlandhilfe Brand im Geb\u00e4ude<\/a><\/span><br><span class=\"einsatz-location\"><strong>Einsatzort:<\/strong> Robert-Bosch-Stra\u00dfe, B\u00f6bingen an der Rems<\/span><br><\/td><td class=\"einsatz-column-number\">2021042<\/td><td class=\"einsatz-column-datetime\">03.11.2021 10:17<\/td><td class=\"einsatz-column-title\"><a href=\"https:\/\/www.ffw-heubach.de\/?einsatz=ueberlandhilfe-brand-im-gebaeude\" rel=\"bookmark\">\u00dcberlandhilfe Brand im Geb\u00e4ude<\/a><\/td><td class=\"einsatz-column-location\">Robert-Bosch-Stra\u00dfe, B\u00f6bingen an der Rems<\/td><td class=\"einsatz-column-annotationImages\"><i class=\"fa-solid fa-camera\" aria-hidden=\"true\" title=\"Bericht enth\u00e4lt keine Bilder\" style=\"color: #bbb;\"><\/i><\/td><\/tr><tr class=\"einsatz-title-month\"><td colspan=\"5\">Oktober<\/td><\/tr><tr class=\"einsatz-header\"><th style=\"white-space: nowrap;\">Nummer<\/th><th style=\"white-space: nowrap;\">Datum<\/th><th style=\"\">Einsatzmeldung<\/th><th style=\"\">Einsatzort<\/th><th style=\"\"><\/th><\/tr><tr class=\"report\"><td class=\"smallscreen\" colspan=\"5\" data-permalink=\"https:\/\/www.ffw-heubach.de\/?einsatz=oelspur-6\"><div class=\"annotation-icon-bar\"><i class=\"fa-solid fa-camera\" aria-hidden=\"true\" title=\"Bericht enth\u00e4lt keine Bilder\" style=\"color: #bbb;\"><\/i><\/div><span class=\"einsatz-number\"><strong>Nummer:<\/strong> 2021041<\/span><br><span class=\"einsatz-datetime\"><strong>Datum:<\/strong> 21.10.2021 18:59<\/span><br><span class=\"einsatz-title\"><strong>Einsatzmeldung:<\/strong> <a href=\"https:\/\/www.ffw-heubach.de\/?einsatz=oelspur-6\" rel=\"bookmark\">\u00d6lspur<\/a><\/span><br><span class=\"einsatz-location\"><strong>Einsatzort:<\/strong> In den Bachwiesen, Heubach<\/span><br><\/td><td class=\"einsatz-column-number\">2021041<\/td><td class=\"einsatz-column-datetime\">21.10.2021 18:59<\/td><td class=\"einsatz-column-title\"><a href=\"https:\/\/www.ffw-heubach.de\/?einsatz=oelspur-6\" rel=\"bookmark\">\u00d6lspur<\/a><\/td><td class=\"einsatz-column-location\">In den Bachwiesen, Heubach<\/td><td class=\"einsatz-column-annotationImages\"><i class=\"fa-solid fa-camera\" aria-hidden=\"true\" title=\"Bericht enth\u00e4lt keine Bilder\" style=\"color: #bbb;\"><\/i><\/td><\/tr><tr class=\"report\"><td class=\"smallscreen\" colspan=\"5\" data-permalink=\"https:\/\/www.ffw-heubach.de\/?einsatz=ueberlandhilfe-brandmeldeanlage\"><div class=\"annotation-icon-bar\"><i class=\"fa-solid fa-camera\" aria-hidden=\"true\" title=\"Bericht enth\u00e4lt keine Bilder\" style=\"color: #bbb;\"><\/i><\/div><span class=\"einsatz-number\"><strong>Nummer:<\/strong> 2021040<\/span><br><span class=\"einsatz-datetime\"><strong>Datum:<\/strong> 15.10.2021 13:12<\/span><br><span class=\"einsatz-title\"><strong>Einsatzmeldung:<\/strong> <a href=\"https:\/\/www.ffw-heubach.de\/?einsatz=ueberlandhilfe-brandmeldeanlage\" rel=\"bookmark\">\u00dcberlandhilfe Brandmeldeanlage<\/a><\/span><br><span class=\"einsatz-location\"><strong>Einsatzort:<\/strong> Ziegelfeldstra\u00dfe, M\u00f6gglingen<\/span><br><\/td><td class=\"einsatz-column-number\">2021040<\/td><td class=\"einsatz-column-datetime\">15.10.2021 13:12<\/td><td class=\"einsatz-column-title\"><a href=\"https:\/\/www.ffw-heubach.de\/?einsatz=ueberlandhilfe-brandmeldeanlage\" rel=\"bookmark\">\u00dcberlandhilfe Brandmeldeanlage<\/a><\/td><td class=\"einsatz-column-location\">Ziegelfeldstra\u00dfe, M\u00f6gglingen<\/td><td class=\"einsatz-column-annotationImages\"><i class=\"fa-solid fa-camera\" aria-hidden=\"true\" title=\"Bericht enth\u00e4lt keine Bilder\" style=\"color: #bbb;\"><\/i><\/td><\/tr><tr class=\"report\"><td class=\"smallscreen\" colspan=\"5\" data-permalink=\"https:\/\/www.ffw-heubach.de\/?einsatz=unterstuetzung-rettungsdienst-tragehilfe\"><div class=\"annotation-icon-bar\"><i class=\"fa-solid fa-camera\" aria-hidden=\"true\" title=\"Bericht enth\u00e4lt keine Bilder\" style=\"color: #bbb;\"><\/i><\/div><span class=\"einsatz-number\"><strong>Nummer:<\/strong> 2021039<\/span><br><span class=\"einsatz-datetime\"><strong>Datum:<\/strong> 07.10.2021 08:17<\/span><br><span class=\"einsatz-title\"><strong>Einsatzmeldung:<\/strong> <a href=\"https:\/\/www.ffw-heubach.de\/?einsatz=unterstuetzung-rettungsdienst-tragehilfe\" rel=\"bookmark\">Unterst\u00fctzung Rettungsdienst Tragehilfe<\/a><\/span><br><span class=\"einsatz-location\"><strong>Einsatzort:<\/strong> Im Stollberg, Heubach<\/span><br><\/td><td class=\"einsatz-column-number\">2021039<\/td><td class=\"einsatz-column-datetime\">07.10.2021 08:17<\/td><td class=\"einsatz-column-title\"><a href=\"https:\/\/www.ffw-heubach.de\/?einsatz=unterstuetzung-rettungsdienst-tragehilfe\" rel=\"bookmark\">Unterst\u00fctzung Rettungsdienst Tragehilfe<\/a><\/td><td class=\"einsatz-column-location\">Im Stollberg, Heubach<\/td><td class=\"einsatz-column-annotationImages\"><i class=\"fa-solid fa-camera\" aria-hidden=\"true\" title=\"Bericht enth\u00e4lt keine Bilder\" style=\"color: #bbb;\"><\/i><\/td><\/tr><tr class=\"zebracorrection\"><td colspan=\"5\">&nbsp;<\/td><\/tr><tr class=\"einsatz-title-month\"><td colspan=\"5\">September<\/td><\/tr><tr class=\"einsatz-header\"><th style=\"white-space: nowrap;\">Nummer<\/th><th style=\"white-space: nowrap;\">Datum<\/th><th style=\"\">Einsatzmeldung<\/th><th style=\"\">Einsatzort<\/th><th style=\"\"><\/th><\/tr><tr class=\"report\"><td class=\"smallscreen\" colspan=\"5\" data-permalink=\"https:\/\/www.ffw-heubach.de\/?einsatz=brandmeldeanlage-sondergebaeude\"><div class=\"annotation-icon-bar\"><i class=\"fa-solid fa-camera\" aria-hidden=\"true\" title=\"Bericht enth\u00e4lt keine Bilder\" style=\"color: #bbb;\"><\/i><\/div><span class=\"einsatz-number\"><strong>Nummer:<\/strong> 2021038<\/span><br><span class=\"einsatz-datetime\"><strong>Datum:<\/strong> 26.09.2021 14:36<\/span><br><span class=\"einsatz-title\"><strong>Einsatzmeldung:<\/strong> <a href=\"https:\/\/www.ffw-heubach.de\/?einsatz=brandmeldeanlage-sondergebaeude\" rel=\"bookmark\">Brandmeldeanlage Sondergeb\u00e4ude<\/a><\/span><br><span class=\"einsatz-location\"><strong>Einsatzort:<\/strong> Alte Steige, Heubach<\/span><br><\/td><td class=\"einsatz-column-number\">2021038<\/td><td class=\"einsatz-column-datetime\">26.09.2021 14:36<\/td><td class=\"einsatz-column-title\"><a href=\"https:\/\/www.ffw-heubach.de\/?einsatz=brandmeldeanlage-sondergebaeude\" rel=\"bookmark\">Brandmeldeanlage Sondergeb\u00e4ude<\/a><\/td><td class=\"einsatz-column-location\">Alte Steige, Heubach<\/td><td class=\"einsatz-column-annotationImages\"><i class=\"fa-solid fa-camera\" aria-hidden=\"true\" title=\"Bericht enth\u00e4lt keine Bilder\" style=\"color: #bbb;\"><\/i><\/td><\/tr><tr class=\"report\"><td class=\"smallscreen\" colspan=\"5\" data-permalink=\"https:\/\/www.ffw-heubach.de\/?einsatz=ueberlandhilfe-gebaeudebrand\"><div class=\"annotation-icon-bar\"><i class=\"fa-solid fa-camera\" aria-hidden=\"true\" title=\"Bericht enth\u00e4lt keine Bilder\" style=\"color: #bbb;\"><\/i><\/div><span class=\"einsatz-number\"><strong>Nummer:<\/strong> 2021037<\/span><br><span class=\"einsatz-datetime\"><strong>Datum:<\/strong> 22.09.2021 20:05<\/span><br><span class=\"einsatz-title\"><strong>Einsatzmeldung:<\/strong> <a href=\"https:\/\/www.ffw-heubach.de\/?einsatz=ueberlandhilfe-gebaeudebrand\" rel=\"bookmark\">\u00dcberlandhilfe Geb\u00e4udebrand<\/a><\/span><br><span class=\"einsatz-location\"><strong>Einsatzort:<\/strong> Pfarrer-Maier-Stra\u00dfe, B\u00f6bingen an der Rems<\/span><br><\/td><td class=\"einsatz-column-number\">2021037<\/td><td class=\"einsatz-column-datetime\">22.09.2021 20:05<\/td><td class=\"einsatz-column-title\"><a href=\"https:\/\/www.ffw-heubach.de\/?einsatz=ueberlandhilfe-gebaeudebrand\" rel=\"bookmark\">\u00dcberlandhilfe Geb\u00e4udebrand<\/a><\/td><td class=\"einsatz-column-location\">Pfarrer-Maier-Stra\u00dfe, B\u00f6bingen an der Rems<\/td><td class=\"einsatz-column-annotationImages\"><i class=\"fa-solid fa-camera\" aria-hidden=\"true\" title=\"Bericht enth\u00e4lt keine Bilder\" style=\"color: #bbb;\"><\/i><\/td><\/tr><tr class=\"report\"><td class=\"smallscreen\" colspan=\"5\" data-permalink=\"https:\/\/www.ffw-heubach.de\/?einsatz=rauchentwicklung\"><div class=\"annotation-icon-bar\"><i class=\"fa-solid fa-camera\" aria-hidden=\"true\" title=\"Bericht enth\u00e4lt keine Bilder\" style=\"color: #bbb;\"><\/i><\/div><span class=\"einsatz-number\"><strong>Nummer:<\/strong> 2021036<\/span><br><span class=\"einsatz-datetime\"><strong>Datum:<\/strong> 14.09.2021 14:00<\/span><br><span class=\"einsatz-title\"><strong>Einsatzmeldung:<\/strong> <a href=\"https:\/\/www.ffw-heubach.de\/?einsatz=rauchentwicklung\" rel=\"bookmark\">Rauchentwicklung<\/a><\/span><br><span class=\"einsatz-location\"><strong>Einsatzort:<\/strong> B\u00f6hmerstra\u00dfe, Heubach-Lautern<\/span><br><\/td><td class=\"einsatz-column-number\">2021036<\/td><td class=\"einsatz-column-datetime\">14.09.2021 14:00<\/td><td class=\"einsatz-column-title\"><a href=\"https:\/\/www.ffw-heubach.de\/?einsatz=rauchentwicklung\" rel=\"bookmark\">Rauchentwicklung<\/a><\/td><td class=\"einsatz-column-location\">B\u00f6hmerstra\u00dfe, Heubach-Lautern<\/td><td class=\"einsatz-column-annotationImages\"><i class=\"fa-solid fa-camera\" aria-hidden=\"true\" title=\"Bericht enth\u00e4lt keine Bilder\" style=\"color: #bbb;\"><\/i><\/td><\/tr><tr class=\"report\"><td class=\"smallscreen\" colspan=\"5\" data-permalink=\"https:\/\/www.ffw-heubach.de\/?einsatz=brandmeldeanlage-sondergebaeude-2\"><div class=\"annotation-icon-bar\"><i class=\"fa-solid fa-camera\" aria-hidden=\"true\" title=\"Bericht enth\u00e4lt keine Bilder\" style=\"color: #bbb;\"><\/i><\/div><span class=\"einsatz-number\"><strong>Nummer:<\/strong> 2021035<\/span><br><span class=\"einsatz-datetime\"><strong>Datum:<\/strong> 12.09.2021 22:29<\/span><br><span class=\"einsatz-title\"><strong>Einsatzmeldung:<\/strong> <a href=\"https:\/\/www.ffw-heubach.de\/?einsatz=brandmeldeanlage-sondergebaeude-2\" rel=\"bookmark\">Brandmeldeanlage Sondergeb\u00e4ude<\/a><\/span><br><span class=\"einsatz-location\"><strong>Einsatzort:<\/strong> Alte Steige, Heubach<\/span><br><\/td><td class=\"einsatz-column-number\">2021035<\/td><td class=\"einsatz-column-datetime\">12.09.2021 22:29<\/td><td class=\"einsatz-column-title\"><a href=\"https:\/\/www.ffw-heubach.de\/?einsatz=brandmeldeanlage-sondergebaeude-2\" rel=\"bookmark\">Brandmeldeanlage Sondergeb\u00e4ude<\/a><\/td><td class=\"einsatz-column-location\">Alte Steige, Heubach<\/td><td class=\"einsatz-column-annotationImages\"><i class=\"fa-solid fa-camera\" aria-hidden=\"true\" title=\"Bericht enth\u00e4lt keine Bilder\" style=\"color: #bbb;\"><\/i><\/td><\/tr><tr class=\"report\"><td class=\"smallscreen\" colspan=\"5\" data-permalink=\"https:\/\/www.ffw-heubach.de\/?einsatz=brand-einer-gartenhuette\"><div class=\"annotation-icon-bar\"><i class=\"fa-solid fa-camera\" aria-hidden=\"true\" title=\"Bericht enth\u00e4lt Bilder\" style=\"\"><\/i><\/div><span class=\"einsatz-number\"><strong>Nummer:<\/strong> 2021034<\/span><br><span class=\"einsatz-datetime\"><strong>Datum:<\/strong> 11.09.2021 22:31<\/span><br><span class=\"einsatz-title\"><strong>Einsatzmeldung:<\/strong> <a href=\"https:\/\/www.ffw-heubach.de\/?einsatz=brand-einer-gartenhuette\" rel=\"bookmark\">Brand einer Gartenh\u00fctte<\/a><\/span><br><span class=\"einsatz-location\"><strong>Einsatzort:<\/strong> Erlenstra\u00dfe, Heubach-Buch<\/span><br><\/td><td class=\"einsatz-column-number\">2021034<\/td><td class=\"einsatz-column-datetime\">11.09.2021 22:31<\/td><td class=\"einsatz-column-title\"><a href=\"https:\/\/www.ffw-heubach.de\/?einsatz=brand-einer-gartenhuette\" rel=\"bookmark\">Brand einer Gartenh\u00fctte<\/a><\/td><td class=\"einsatz-column-location\">Erlenstra\u00dfe, Heubach-Buch<\/td><td class=\"einsatz-column-annotationImages\"><i class=\"fa-solid fa-camera\" aria-hidden=\"true\" title=\"Bericht enth\u00e4lt Bilder\" style=\"\"><\/i><\/td><\/tr><tr class=\"report\"><td class=\"smallscreen\" colspan=\"5\" data-permalink=\"https:\/\/www.ffw-heubach.de\/?einsatz=verkehrsunfall-person-tmr-eingeklemmte-person-pkw-boeschung-hinabgestuerzt\"><div class=\"annotation-icon-bar\"><i class=\"fa-solid fa-camera\" aria-hidden=\"true\" title=\"Bericht enth\u00e4lt Bilder\" style=\"\"><\/i><\/div><span class=\"einsatz-number\"><strong>Nummer:<\/strong> 2021033<\/span><br><span class=\"einsatz-datetime\"><strong>Datum:<\/strong> 11.09.2021 03:53<\/span><br><span class=\"einsatz-title\"><strong>Einsatzmeldung:<\/strong> <a href=\"https:\/\/www.ffw-heubach.de\/?einsatz=verkehrsunfall-person-tmr-eingeklemmte-person-pkw-boeschung-hinabgestuerzt\" rel=\"bookmark\">Verkehrsunfall Person-TMR, eingeklemmte Person \u2013 PKW B\u00f6schung hinabgest\u00fcrzt<\/a><\/span><br><span class=\"einsatz-location\"><strong>Einsatzort:<\/strong> L1161, Heubach<\/span><br><\/td><td class=\"einsatz-column-number\">2021033<\/td><td class=\"einsatz-column-datetime\">11.09.2021 03:53<\/td><td class=\"einsatz-column-title\"><a href=\"https:\/\/www.ffw-heubach.de\/?einsatz=verkehrsunfall-person-tmr-eingeklemmte-person-pkw-boeschung-hinabgestuerzt\" rel=\"bookmark\">Verkehrsunfall Person-TMR, eingeklemmte Person \u2013 PKW B\u00f6schung hinabgest\u00fcrzt<\/a><\/td><td class=\"einsatz-column-location\">L1161, Heubach<\/td><td class=\"einsatz-column-annotationImages\"><i class=\"fa-solid fa-camera\" aria-hidden=\"true\" title=\"Bericht enth\u00e4lt Bilder\" style=\"\"><\/i><\/td><\/tr><tr class=\"report\"><td class=\"smallscreen\" colspan=\"5\" data-permalink=\"https:\/\/www.ffw-heubach.de\/?einsatz=wasserschaden-in-einer-wohnung\"><div class=\"annotation-icon-bar\"><i class=\"fa-solid fa-camera\" aria-hidden=\"true\" title=\"Bericht enth\u00e4lt keine Bilder\" style=\"color: #bbb;\"><\/i><\/div><span class=\"einsatz-number\"><strong>Nummer:<\/strong> 2021032<\/span><br><span class=\"einsatz-datetime\"><strong>Datum:<\/strong> 10.09.2021 11:12<\/span><br><span class=\"einsatz-title\"><strong>Einsatzmeldung:<\/strong> <a href=\"https:\/\/www.ffw-heubach.de\/?einsatz=wasserschaden-in-einer-wohnung\" rel=\"bookmark\">Wasserschaden in einer Wohnung<\/a><\/span><br><span class=\"einsatz-location\"><strong>Einsatzort:<\/strong> Beurener Stra\u00dfe. Heubach<\/span><br><\/td><td class=\"einsatz-column-number\">2021032<\/td><td class=\"einsatz-column-datetime\">10.09.2021 11:12<\/td><td class=\"einsatz-column-title\"><a href=\"https:\/\/www.ffw-heubach.de\/?einsatz=wasserschaden-in-einer-wohnung\" rel=\"bookmark\">Wasserschaden in einer Wohnung<\/a><\/td><td class=\"einsatz-column-location\">Beurener Stra\u00dfe. Heubach<\/td><td class=\"einsatz-column-annotationImages\"><i class=\"fa-solid fa-camera\" aria-hidden=\"true\" title=\"Bericht enth\u00e4lt keine Bilder\" style=\"color: #bbb;\"><\/i><\/td><\/tr><tr class=\"zebracorrection\"><td colspan=\"5\">&nbsp;<\/td><\/tr><tr class=\"einsatz-title-month\"><td colspan=\"5\">August<\/td><\/tr><tr class=\"einsatz-header\"><th style=\"white-space: nowrap;\">Nummer<\/th><th style=\"white-space: nowrap;\">Datum<\/th><th style=\"\">Einsatzmeldung<\/th><th style=\"\">Einsatzort<\/th><th style=\"\"><\/th><\/tr><tr class=\"report\"><td class=\"smallscreen\" colspan=\"5\" data-permalink=\"https:\/\/www.ffw-heubach.de\/?einsatz=brandmeldeanlage-sondergebaeude-3\"><div class=\"annotation-icon-bar\"><i class=\"fa-solid fa-camera\" aria-hidden=\"true\" title=\"Bericht enth\u00e4lt keine Bilder\" style=\"color: #bbb;\"><\/i><\/div><span class=\"einsatz-number\"><strong>Nummer:<\/strong> 2021031<\/span><br><span class=\"einsatz-datetime\"><strong>Datum:<\/strong> 19.08.2021 11:08<\/span><br><span class=\"einsatz-title\"><strong>Einsatzmeldung:<\/strong> <a href=\"https:\/\/www.ffw-heubach.de\/?einsatz=brandmeldeanlage-sondergebaeude-3\" rel=\"bookmark\">Brandmeldeanlage Sondergeb\u00e4ude<\/a><\/span><br><span class=\"einsatz-location\"><strong>Einsatzort:<\/strong> Am Flugplatz, Heubach<\/span><br><\/td><td class=\"einsatz-column-number\">2021031<\/td><td class=\"einsatz-column-datetime\">19.08.2021 11:08<\/td><td class=\"einsatz-column-title\"><a href=\"https:\/\/www.ffw-heubach.de\/?einsatz=brandmeldeanlage-sondergebaeude-3\" rel=\"bookmark\">Brandmeldeanlage Sondergeb\u00e4ude<\/a><\/td><td class=\"einsatz-column-location\">Am Flugplatz, Heubach<\/td><td class=\"einsatz-column-annotationImages\"><i class=\"fa-solid fa-camera\" aria-hidden=\"true\" title=\"Bericht enth\u00e4lt keine Bilder\" style=\"color: #bbb;\"><\/i><\/td><\/tr><tr class=\"report\"><td class=\"smallscreen\" colspan=\"5\" data-permalink=\"https:\/\/www.ffw-heubach.de\/?einsatz=tueroeffnung-thl\"><div class=\"annotation-icon-bar\"><i class=\"fa-solid fa-camera\" aria-hidden=\"true\" title=\"Bericht enth\u00e4lt keine Bilder\" style=\"color: #bbb;\"><\/i><\/div><span class=\"einsatz-number\"><strong>Nummer:<\/strong> 2021030<\/span><br><span class=\"einsatz-datetime\"><strong>Datum:<\/strong> 04.08.2021 17:41<\/span><br><span class=\"einsatz-title\"><strong>Einsatzmeldung:<\/strong> <a href=\"https:\/\/www.ffw-heubach.de\/?einsatz=tueroeffnung-thl\" rel=\"bookmark\">T\u00fcr\u00f6ffnung THL<\/a><\/span><br><span class=\"einsatz-location\"><strong>Einsatzort:<\/strong> Beiswanger Stra\u00dfe, Heubach<\/span><br><\/td><td class=\"einsatz-column-number\">2021030<\/td><td class=\"einsatz-column-datetime\">04.08.2021 17:41<\/td><td class=\"einsatz-column-title\"><a href=\"https:\/\/www.ffw-heubach.de\/?einsatz=tueroeffnung-thl\" rel=\"bookmark\">T\u00fcr\u00f6ffnung THL<\/a><\/td><td class=\"einsatz-column-location\">Beiswanger Stra\u00dfe, Heubach<\/td><td class=\"einsatz-column-annotationImages\"><i class=\"fa-solid fa-camera\" aria-hidden=\"true\" title=\"Bericht enth\u00e4lt keine Bilder\" style=\"color: #bbb;\"><\/i><\/td><\/tr><tr class=\"einsatz-title-month\"><td colspan=\"5\">Juli<\/td><\/tr><tr class=\"einsatz-header\"><th style=\"white-space: nowrap;\">Nummer<\/th><th style=\"white-space: nowrap;\">Datum<\/th><th style=\"\">Einsatzmeldung<\/th><th style=\"\">Einsatzort<\/th><th style=\"\"><\/th><\/tr><tr class=\"report\"><td class=\"smallscreen\" colspan=\"5\" data-permalink=\"https:\/\/www.ffw-heubach.de\/?einsatz=unterstuetzung-rettungsdienst-2\"><div class=\"annotation-icon-bar\"><i class=\"fa-solid fa-camera\" aria-hidden=\"true\" title=\"Bericht enth\u00e4lt keine Bilder\" style=\"color: #bbb;\"><\/i><\/div><span class=\"einsatz-number\"><strong>Nummer:<\/strong> 2021029<\/span><br><span class=\"einsatz-datetime\"><strong>Datum:<\/strong> 27.07.2021 12:05<\/span><br><span class=\"einsatz-title\"><strong>Einsatzmeldung:<\/strong> <a href=\"https:\/\/www.ffw-heubach.de\/?einsatz=unterstuetzung-rettungsdienst-2\" rel=\"bookmark\">Unterst\u00fctzung Rettungsdienst<\/a><\/span><br><span class=\"einsatz-location\"><strong>Einsatzort:<\/strong> Heubach<\/span><br><\/td><td class=\"einsatz-column-number\">2021029<\/td><td class=\"einsatz-column-datetime\">27.07.2021 12:05<\/td><td class=\"einsatz-column-title\"><a href=\"https:\/\/www.ffw-heubach.de\/?einsatz=unterstuetzung-rettungsdienst-2\" rel=\"bookmark\">Unterst\u00fctzung Rettungsdienst<\/a><\/td><td class=\"einsatz-column-location\">Heubach<\/td><td class=\"einsatz-column-annotationImages\"><i class=\"fa-solid fa-camera\" aria-hidden=\"true\" title=\"Bericht enth\u00e4lt keine Bilder\" style=\"color: #bbb;\"><\/i><\/td><\/tr><tr class=\"report\"><td class=\"smallscreen\" colspan=\"5\" data-permalink=\"https:\/\/www.ffw-heubach.de\/?einsatz=verkehrsunfall-mit-eingeklemmter-person\"><div class=\"annotation-icon-bar\"><i class=\"fa-solid fa-camera\" aria-hidden=\"true\" title=\"Bericht enth\u00e4lt Bilder\" style=\"\"><\/i><\/div><span class=\"einsatz-number\"><strong>Nummer:<\/strong> 2021028<\/span><br><span class=\"einsatz-datetime\"><strong>Datum:<\/strong> 20.07.2021 00:39<\/span><br><span class=\"einsatz-title\"><strong>Einsatzmeldung:<\/strong> <a href=\"https:\/\/www.ffw-heubach.de\/?einsatz=verkehrsunfall-mit-eingeklemmter-person\" rel=\"bookmark\">Verkehrsunfall Person-TMR, eingeklemmte Person &#8211; PKW Abhang hinabgest\u00fcrzt<\/a><\/span><br><span class=\"einsatz-location\"><strong>Einsatzort:<\/strong> Fritz-Spie\u00dfhofer-Stra\u00dfe, Heubach<\/span><br><\/td><td class=\"einsatz-column-number\">2021028<\/td><td class=\"einsatz-column-datetime\">20.07.2021 00:39<\/td><td class=\"einsatz-column-title\"><a href=\"https:\/\/www.ffw-heubach.de\/?einsatz=verkehrsunfall-mit-eingeklemmter-person\" rel=\"bookmark\">Verkehrsunfall Person-TMR, eingeklemmte Person &#8211; PKW Abhang hinabgest\u00fcrzt<\/a><\/td><td class=\"einsatz-column-location\">Fritz-Spie\u00dfhofer-Stra\u00dfe, Heubach<\/td><td class=\"einsatz-column-annotationImages\"><i class=\"fa-solid fa-camera\" aria-hidden=\"true\" title=\"Bericht enth\u00e4lt Bilder\" style=\"\"><\/i><\/td><\/tr><tr class=\"einsatz-title-month\"><td colspan=\"5\">Juni<\/td><\/tr><tr class=\"einsatz-header\"><th style=\"white-space: nowrap;\">Nummer<\/th><th style=\"white-space: nowrap;\">Datum<\/th><th style=\"\">Einsatzmeldung<\/th><th style=\"\">Einsatzort<\/th><th style=\"\"><\/th><\/tr><tr class=\"report\"><td class=\"smallscreen\" colspan=\"5\" data-permalink=\"https:\/\/www.ffw-heubach.de\/?einsatz=unwettereinsatz\"><div class=\"annotation-icon-bar\"><i class=\"fa-solid fa-camera\" aria-hidden=\"true\" title=\"Bericht enth\u00e4lt keine Bilder\" style=\"color: #bbb;\"><\/i><\/div><span class=\"einsatz-number\"><strong>Nummer:<\/strong> 2021027<\/span><br><span class=\"einsatz-datetime\"><strong>Datum:<\/strong> 29.06.2021 16:21<\/span><br><span class=\"einsatz-title\"><strong>Einsatzmeldung:<\/strong> <a href=\"https:\/\/www.ffw-heubach.de\/?einsatz=unwettereinsatz\" rel=\"bookmark\">Unwettereinsatz<\/a><\/span><br><span class=\"einsatz-location\"><strong>Einsatzort:<\/strong> M\u00f6gglingerstr. 100<\/span><br><\/td><td class=\"einsatz-column-number\">2021027<\/td><td class=\"einsatz-column-datetime\">29.06.2021 16:21<\/td><td class=\"einsatz-column-title\"><a href=\"https:\/\/www.ffw-heubach.de\/?einsatz=unwettereinsatz\" rel=\"bookmark\">Unwettereinsatz<\/a><\/td><td class=\"einsatz-column-location\">M\u00f6gglingerstr. 100<\/td><td class=\"einsatz-column-annotationImages\"><i class=\"fa-solid fa-camera\" aria-hidden=\"true\" title=\"Bericht enth\u00e4lt keine Bilder\" style=\"color: #bbb;\"><\/i><\/td><\/tr><tr class=\"report\"><td class=\"smallscreen\" colspan=\"5\" data-permalink=\"https:\/\/www.ffw-heubach.de\/?einsatz=oelspur-5\"><div class=\"annotation-icon-bar\"><i class=\"fa-solid fa-camera\" aria-hidden=\"true\" title=\"Bericht enth\u00e4lt keine Bilder\" style=\"color: #bbb;\"><\/i><\/div><span class=\"einsatz-number\"><strong>Nummer:<\/strong> 2021026<\/span><br><span class=\"einsatz-datetime\"><strong>Datum:<\/strong> 23.06.2021 19:13<\/span><br><span class=\"einsatz-title\"><strong>Einsatzmeldung:<\/strong> <a href=\"https:\/\/www.ffw-heubach.de\/?einsatz=oelspur-5\" rel=\"bookmark\">\u00d6lspur<\/a><\/span><br><span class=\"einsatz-location\"><strong>Einsatzort:<\/strong> Ziegelwiesenstr.<\/span><br><\/td><td class=\"einsatz-column-number\">2021026<\/td><td class=\"einsatz-column-datetime\">23.06.2021 19:13<\/td><td class=\"einsatz-column-title\"><a href=\"https:\/\/www.ffw-heubach.de\/?einsatz=oelspur-5\" rel=\"bookmark\">\u00d6lspur<\/a><\/td><td class=\"einsatz-column-location\">Ziegelwiesenstr.<\/td><td class=\"einsatz-column-annotationImages\"><i class=\"fa-solid fa-camera\" aria-hidden=\"true\" title=\"Bericht enth\u00e4lt keine Bilder\" style=\"color: #bbb;\"><\/i><\/td><\/tr><tr class=\"report\"><td class=\"smallscreen\" colspan=\"5\" data-permalink=\"https:\/\/www.ffw-heubach.de\/?einsatz=brandmeldeanlage-sonderbau-2\"><div class=\"annotation-icon-bar\"><i class=\"fa-solid fa-camera\" aria-hidden=\"true\" title=\"Bericht enth\u00e4lt keine Bilder\" style=\"color: #bbb;\"><\/i><\/div><span class=\"einsatz-number\"><strong>Nummer:<\/strong> 2021025<\/span><br><span class=\"einsatz-datetime\"><strong>Datum:<\/strong> 22.06.2021 09:35<\/span><br><span class=\"einsatz-title\"><strong>Einsatzmeldung:<\/strong> <a href=\"https:\/\/www.ffw-heubach.de\/?einsatz=brandmeldeanlage-sonderbau-2\" rel=\"bookmark\">Brandmeldeanlage Sonderbau<\/a><\/span><br><span class=\"einsatz-location\"><strong>Einsatzort:<\/strong> Ziegelwiesenstra\u00dfe, Heubach<\/span><br><\/td><td class=\"einsatz-column-number\">2021025<\/td><td class=\"einsatz-column-datetime\">22.06.2021 09:35<\/td><td class=\"einsatz-column-title\"><a href=\"https:\/\/www.ffw-heubach.de\/?einsatz=brandmeldeanlage-sonderbau-2\" rel=\"bookmark\">Brandmeldeanlage Sonderbau<\/a><\/td><td class=\"einsatz-column-location\">Ziegelwiesenstra\u00dfe, Heubach<\/td><td class=\"einsatz-column-annotationImages\"><i class=\"fa-solid fa-camera\" aria-hidden=\"true\" title=\"Bericht enth\u00e4lt keine Bilder\" style=\"color: #bbb;\"><\/i><\/td><\/tr><tr class=\"zebracorrection\"><td colspan=\"5\">&nbsp;<\/td><\/tr><tr class=\"einsatz-title-month\"><td colspan=\"5\">Mai<\/td><\/tr><tr class=\"einsatz-header\"><th style=\"white-space: nowrap;\">Nummer<\/th><th style=\"white-space: nowrap;\">Datum<\/th><th style=\"\">Einsatzmeldung<\/th><th style=\"\">Einsatzort<\/th><th style=\"\"><\/th><\/tr><tr class=\"report\"><td class=\"smallscreen\" colspan=\"5\" data-permalink=\"https:\/\/www.ffw-heubach.de\/?einsatz=reanimationsunterstuetzung-rettungsdienst\"><div class=\"annotation-icon-bar\"><i class=\"fa-solid fa-camera\" aria-hidden=\"true\" title=\"Bericht enth\u00e4lt keine Bilder\" style=\"color: #bbb;\"><\/i><\/div><span class=\"einsatz-number\"><strong>Nummer:<\/strong> 2021024<\/span><br><span class=\"einsatz-datetime\"><strong>Datum:<\/strong> 29.05.2021 17:52<\/span><br><span class=\"einsatz-title\"><strong>Einsatzmeldung:<\/strong> <a href=\"https:\/\/www.ffw-heubach.de\/?einsatz=reanimationsunterstuetzung-rettungsdienst\" rel=\"bookmark\">Unterst\u00fctzung Reanimation Rettungsdienst<\/a><\/span><br><span class=\"einsatz-location\"><strong>Einsatzort:<\/strong> L1162, Heubach<\/span><br><\/td><td class=\"einsatz-column-number\">2021024<\/td><td class=\"einsatz-column-datetime\">29.05.2021 17:52<\/td><td class=\"einsatz-column-title\"><a href=\"https:\/\/www.ffw-heubach.de\/?einsatz=reanimationsunterstuetzung-rettungsdienst\" rel=\"bookmark\">Unterst\u00fctzung Reanimation Rettungsdienst<\/a><\/td><td class=\"einsatz-column-location\">L1162, Heubach<\/td><td class=\"einsatz-column-annotationImages\"><i class=\"fa-solid fa-camera\" aria-hidden=\"true\" title=\"Bericht enth\u00e4lt keine Bilder\" style=\"color: #bbb;\"><\/i><\/td><\/tr><tr class=\"report\"><td class=\"smallscreen\" colspan=\"5\" data-permalink=\"https:\/\/www.ffw-heubach.de\/?einsatz=tierrettung\"><div class=\"annotation-icon-bar\"><i class=\"fa-solid fa-camera\" aria-hidden=\"true\" title=\"Bericht enth\u00e4lt Bilder\" style=\"\"><\/i><\/div><span class=\"einsatz-number\"><strong>Nummer:<\/strong> 2021023<\/span><br><span class=\"einsatz-datetime\"><strong>Datum:<\/strong> 29.05.2021 12:37<\/span><br><span class=\"einsatz-title\"><strong>Einsatzmeldung:<\/strong> <a href=\"https:\/\/www.ffw-heubach.de\/?einsatz=tierrettung\" rel=\"bookmark\">Tierrettung<\/a><\/span><br><span class=\"einsatz-location\"><strong>Einsatzort:<\/strong> In den Schlo\u00dfg\u00e4rten, Heubach<\/span><br><\/td><td class=\"einsatz-column-number\">2021023<\/td><td class=\"einsatz-column-datetime\">29.05.2021 12:37<\/td><td class=\"einsatz-column-title\"><a href=\"https:\/\/www.ffw-heubach.de\/?einsatz=tierrettung\" rel=\"bookmark\">Tierrettung<\/a><\/td><td class=\"einsatz-column-location\">In den Schlo\u00dfg\u00e4rten, Heubach<\/td><td class=\"einsatz-column-annotationImages\"><i class=\"fa-solid fa-camera\" aria-hidden=\"true\" title=\"Bericht enth\u00e4lt Bilder\" style=\"\"><\/i><\/td><\/tr><tr class=\"report\"><td class=\"smallscreen\" colspan=\"5\" data-permalink=\"https:\/\/www.ffw-heubach.de\/?einsatz=kleinbrand-hecke\"><div class=\"annotation-icon-bar\"><i class=\"fa-solid fa-camera\" aria-hidden=\"true\" title=\"Bericht enth\u00e4lt keine Bilder\" style=\"color: #bbb;\"><\/i><\/div><span class=\"einsatz-number\"><strong>Nummer:<\/strong> 2021022<\/span><br><span class=\"einsatz-datetime\"><strong>Datum:<\/strong> 29.05.2021 10:22<\/span><br><span class=\"einsatz-title\"><strong>Einsatzmeldung:<\/strong> <a href=\"https:\/\/www.ffw-heubach.de\/?einsatz=kleinbrand-hecke\" rel=\"bookmark\">Kleinbrand Hecke<\/a><\/span><br><span class=\"einsatz-location\"><strong>Einsatzort:<\/strong> Stettiner Stra\u00dfe, Heubach<\/span><br><\/td><td class=\"einsatz-column-number\">2021022<\/td><td class=\"einsatz-column-datetime\">29.05.2021 10:22<\/td><td class=\"einsatz-column-title\"><a href=\"https:\/\/www.ffw-heubach.de\/?einsatz=kleinbrand-hecke\" rel=\"bookmark\">Kleinbrand Hecke<\/a><\/td><td class=\"einsatz-column-location\">Stettiner Stra\u00dfe, Heubach<\/td><td class=\"einsatz-column-annotationImages\"><i class=\"fa-solid fa-camera\" aria-hidden=\"true\" title=\"Bericht enth\u00e4lt keine Bilder\" style=\"color: #bbb;\"><\/i><\/td><\/tr><tr class=\"report\"><td class=\"smallscreen\" colspan=\"5\" data-permalink=\"https:\/\/www.ffw-heubach.de\/?einsatz=verkehrsunfall-mit-eingeschlossener-person\"><div class=\"annotation-icon-bar\"><i class=\"fa-solid fa-camera\" aria-hidden=\"true\" title=\"Bericht enth\u00e4lt keine Bilder\" style=\"color: #bbb;\"><\/i><\/div><span class=\"einsatz-number\"><strong>Nummer:<\/strong> 2021021<\/span><br><span class=\"einsatz-datetime\"><strong>Datum:<\/strong> 26.05.2021 10:50<\/span><br><span class=\"einsatz-title\"><strong>Einsatzmeldung:<\/strong> <a href=\"https:\/\/www.ffw-heubach.de\/?einsatz=verkehrsunfall-mit-eingeschlossener-person\" rel=\"bookmark\">Verkehrsunfall mit eingeschlossener Person<\/a><\/span><br><span class=\"einsatz-location\"><strong>Einsatzort:<\/strong> B29, B\u00f6bingen an der Rems<\/span><br><\/td><td class=\"einsatz-column-number\">2021021<\/td><td class=\"einsatz-column-datetime\">26.05.2021 10:50<\/td><td class=\"einsatz-column-title\"><a href=\"https:\/\/www.ffw-heubach.de\/?einsatz=verkehrsunfall-mit-eingeschlossener-person\" rel=\"bookmark\">Verkehrsunfall mit eingeschlossener Person<\/a><\/td><td class=\"einsatz-column-location\">B29, B\u00f6bingen an der Rems<\/td><td class=\"einsatz-column-annotationImages\"><i class=\"fa-solid fa-camera\" aria-hidden=\"true\" title=\"Bericht enth\u00e4lt keine Bilder\" style=\"color: #bbb;\"><\/i><\/td><\/tr><tr class=\"einsatz-title-month\"><td colspan=\"5\">April<\/td><\/tr><tr class=\"einsatz-header\"><th style=\"white-space: nowrap;\">Nummer<\/th><th style=\"white-space: nowrap;\">Datum<\/th><th style=\"\">Einsatzmeldung<\/th><th style=\"\">Einsatzort<\/th><th style=\"\"><\/th><\/tr><tr class=\"report\"><td class=\"smallscreen\" colspan=\"5\" data-permalink=\"https:\/\/www.ffw-heubach.de\/?einsatz=brandmeldeanlage-ueberlandhilfe\"><div class=\"annotation-icon-bar\"><i class=\"fa-solid fa-camera\" aria-hidden=\"true\" title=\"Bericht enth\u00e4lt keine Bilder\" style=\"color: #bbb;\"><\/i><\/div><span class=\"einsatz-number\"><strong>Nummer:<\/strong> 2021020<\/span><br><span class=\"einsatz-datetime\"><strong>Datum:<\/strong> 28.04.2021 07:38<\/span><br><span class=\"einsatz-title\"><strong>Einsatzmeldung:<\/strong> <a href=\"https:\/\/www.ffw-heubach.de\/?einsatz=brandmeldeanlage-ueberlandhilfe\" rel=\"bookmark\">Brandmeldeanlage \u00dcberlandhilfe<\/a><\/span><br><span class=\"einsatz-location\"><strong>Einsatzort:<\/strong> Ziegelfeldstra\u00dfe, M\u00f6gglingen<\/span><br><\/td><td class=\"einsatz-column-number\">2021020<\/td><td class=\"einsatz-column-datetime\">28.04.2021 07:38<\/td><td class=\"einsatz-column-title\"><a href=\"https:\/\/www.ffw-heubach.de\/?einsatz=brandmeldeanlage-ueberlandhilfe\" rel=\"bookmark\">Brandmeldeanlage \u00dcberlandhilfe<\/a><\/td><td class=\"einsatz-column-location\">Ziegelfeldstra\u00dfe, M\u00f6gglingen<\/td><td class=\"einsatz-column-annotationImages\"><i class=\"fa-solid fa-camera\" aria-hidden=\"true\" title=\"Bericht enth\u00e4lt keine Bilder\" style=\"color: #bbb;\"><\/i><\/td><\/tr><tr class=\"report\"><td class=\"smallscreen\" colspan=\"5\" data-permalink=\"https:\/\/www.ffw-heubach.de\/?einsatz=br-6-brandmeldeanlage-sonderbau\"><div class=\"annotation-icon-bar\"><i class=\"fa-solid fa-camera\" aria-hidden=\"true\" title=\"Bericht enth\u00e4lt keine Bilder\" style=\"color: #bbb;\"><\/i><\/div><span class=\"einsatz-number\"><strong>Nummer:<\/strong> 2021019<\/span><br><span class=\"einsatz-datetime\"><strong>Datum:<\/strong> 19.04.2021 10:24<\/span><br><span class=\"einsatz-title\"><strong>Einsatzmeldung:<\/strong> <a href=\"https:\/\/www.ffw-heubach.de\/?einsatz=br-6-brandmeldeanlage-sonderbau\" rel=\"bookmark\">Brandmeldeanlage Sonderbau<\/a><\/span><br><span class=\"einsatz-location\"><strong>Einsatzort:<\/strong> Heubach<\/span><br><\/td><td class=\"einsatz-column-number\">2021019<\/td><td class=\"einsatz-column-datetime\">19.04.2021 10:24<\/td><td class=\"einsatz-column-title\"><a href=\"https:\/\/www.ffw-heubach.de\/?einsatz=br-6-brandmeldeanlage-sonderbau\" rel=\"bookmark\">Brandmeldeanlage Sonderbau<\/a><\/td><td class=\"einsatz-column-location\">Heubach<\/td><td class=\"einsatz-column-annotationImages\"><i class=\"fa-solid fa-camera\" aria-hidden=\"true\" title=\"Bericht enth\u00e4lt keine Bilder\" style=\"color: #bbb;\"><\/i><\/td><\/tr><tr class=\"report\"><td class=\"smallscreen\" colspan=\"5\" data-permalink=\"https:\/\/www.ffw-heubach.de\/?einsatz=gg-1-oelspur-7\"><div class=\"annotation-icon-bar\"><i class=\"fa-solid fa-camera\" aria-hidden=\"true\" title=\"Bericht enth\u00e4lt keine Bilder\" style=\"color: #bbb;\"><\/i><\/div><span class=\"einsatz-number\"><strong>Nummer:<\/strong> 2021018<\/span><br><span class=\"einsatz-datetime\"><strong>Datum:<\/strong> 10.04.2021 17:14<\/span><br><span class=\"einsatz-title\"><strong>Einsatzmeldung:<\/strong> <a href=\"https:\/\/www.ffw-heubach.de\/?einsatz=gg-1-oelspur-7\" rel=\"bookmark\">\u00d6lspur<\/a><\/span><br><span class=\"einsatz-location\"><strong>Einsatzort:<\/strong> Heubach und Buch<\/span><br><\/td><td class=\"einsatz-column-number\">2021018<\/td><td class=\"einsatz-column-datetime\">10.04.2021 17:14<\/td><td class=\"einsatz-column-title\"><a href=\"https:\/\/www.ffw-heubach.de\/?einsatz=gg-1-oelspur-7\" rel=\"bookmark\">\u00d6lspur<\/a><\/td><td class=\"einsatz-column-location\">Heubach und Buch<\/td><td class=\"einsatz-column-annotationImages\"><i class=\"fa-solid fa-camera\" aria-hidden=\"true\" title=\"Bericht enth\u00e4lt keine Bilder\" style=\"color: #bbb;\"><\/i><\/td><\/tr><tr class=\"zebracorrection\"><td colspan=\"5\">&nbsp;<\/td><\/tr><tr class=\"einsatz-title-month\"><td colspan=\"5\">M\u00e4rz<\/td><\/tr><tr class=\"einsatz-header\"><th style=\"white-space: nowrap;\">Nummer<\/th><th style=\"white-space: nowrap;\">Datum<\/th><th style=\"\">Einsatzmeldung<\/th><th style=\"\">Einsatzort<\/th><th style=\"\"><\/th><\/tr><tr class=\"report\"><td class=\"smallscreen\" colspan=\"5\" data-permalink=\"https:\/\/www.ffw-heubach.de\/?einsatz=tueroeffnung-2\"><div class=\"annotation-icon-bar\"><i class=\"fa-solid fa-camera\" aria-hidden=\"true\" title=\"Bericht enth\u00e4lt keine Bilder\" style=\"color: #bbb;\"><\/i><\/div><span class=\"einsatz-number\"><strong>Nummer:<\/strong> 2021017<\/span><br><span class=\"einsatz-datetime\"><strong>Datum:<\/strong> 28.03.2021 15:00<\/span><br><span class=\"einsatz-title\"><strong>Einsatzmeldung:<\/strong> <a href=\"https:\/\/www.ffw-heubach.de\/?einsatz=tueroeffnung-2\" rel=\"bookmark\">T\u00fcr\u00f6ffnung<\/a><\/span><br><span class=\"einsatz-location\"><strong>Einsatzort:<\/strong> Heubach Alte Steige<\/span><br><\/td><td class=\"einsatz-column-number\">2021017<\/td><td class=\"einsatz-column-datetime\">28.03.2021 15:00<\/td><td class=\"einsatz-column-title\"><a href=\"https:\/\/www.ffw-heubach.de\/?einsatz=tueroeffnung-2\" rel=\"bookmark\">T\u00fcr\u00f6ffnung<\/a><\/td><td class=\"einsatz-column-location\">Heubach Alte Steige<\/td><td class=\"einsatz-column-annotationImages\"><i class=\"fa-solid fa-camera\" aria-hidden=\"true\" title=\"Bericht enth\u00e4lt keine Bilder\" style=\"color: #bbb;\"><\/i><\/td><\/tr><tr class=\"report\"><td class=\"smallscreen\" colspan=\"5\" data-permalink=\"https:\/\/www.ffw-heubach.de\/?einsatz=brand-auf-einem-schrottplatz\"><div class=\"annotation-icon-bar\"><i class=\"fa-solid fa-camera\" aria-hidden=\"true\" title=\"Bericht enth\u00e4lt Bilder\" style=\"\"><\/i><\/div><span class=\"einsatz-number\"><strong>Nummer:<\/strong> 2021016<\/span><br><span class=\"einsatz-datetime\"><strong>Datum:<\/strong> 26.03.2021 22:35<\/span><br><span class=\"einsatz-title\"><strong>Einsatzmeldung:<\/strong> <a href=\"https:\/\/www.ffw-heubach.de\/?einsatz=brand-auf-einem-schrottplatz\" rel=\"bookmark\">Brand auf einem Schrottplatz<\/a><\/span><br><span class=\"einsatz-location\"><strong>Einsatzort:<\/strong> Bahnhofstra\u00dfe, B\u00f6bingen an der Rems<\/span><br><\/td><td class=\"einsatz-column-number\">2021016<\/td><td class=\"einsatz-column-datetime\">26.03.2021 22:35<\/td><td class=\"einsatz-column-title\"><a href=\"https:\/\/www.ffw-heubach.de\/?einsatz=brand-auf-einem-schrottplatz\" rel=\"bookmark\">Brand auf einem Schrottplatz<\/a><\/td><td class=\"einsatz-column-location\">Bahnhofstra\u00dfe, B\u00f6bingen an der Rems<\/td><td class=\"einsatz-column-annotationImages\"><i class=\"fa-solid fa-camera\" aria-hidden=\"true\" title=\"Bericht enth\u00e4lt Bilder\" style=\"\"><\/i><\/td><\/tr><tr class=\"report\"><td class=\"smallscreen\" colspan=\"5\" data-permalink=\"https:\/\/www.ffw-heubach.de\/?einsatz=th-4-person-in-notlage\"><div class=\"annotation-icon-bar\"><i class=\"fa-solid fa-camera\" aria-hidden=\"true\" title=\"Bericht enth\u00e4lt keine Bilder\" style=\"color: #bbb;\"><\/i><\/div><span class=\"einsatz-number\"><strong>Nummer:<\/strong> 2021015<\/span><br><span class=\"einsatz-datetime\"><strong>Datum:<\/strong> 22.03.2021 11:11<\/span><br><span class=\"einsatz-title\"><strong>Einsatzmeldung:<\/strong> <a href=\"https:\/\/www.ffw-heubach.de\/?einsatz=th-4-person-in-notlage\" rel=\"bookmark\">TH 4 Person in Notlage<\/a><\/span><br><span class=\"einsatz-location\"><strong>Einsatzort:<\/strong> M\u00f6gglingen Hardtweg<\/span><br><\/td><td class=\"einsatz-column-number\">2021015<\/td><td class=\"einsatz-column-datetime\">22.03.2021 11:11<\/td><td class=\"einsatz-column-title\"><a href=\"https:\/\/www.ffw-heubach.de\/?einsatz=th-4-person-in-notlage\" rel=\"bookmark\">TH 4 Person in Notlage<\/a><\/td><td class=\"einsatz-column-location\">M\u00f6gglingen Hardtweg<\/td><td class=\"einsatz-column-annotationImages\"><i class=\"fa-solid fa-camera\" aria-hidden=\"true\" title=\"Bericht enth\u00e4lt keine Bilder\" style=\"color: #bbb;\"><\/i><\/td><\/tr><tr class=\"report\"><td class=\"smallscreen\" colspan=\"5\" data-permalink=\"https:\/\/www.ffw-heubach.de\/?einsatz=tueroeffnung\"><div class=\"annotation-icon-bar\"><i class=\"fa-solid fa-camera\" aria-hidden=\"true\" title=\"Bericht enth\u00e4lt keine Bilder\" style=\"color: #bbb;\"><\/i><\/div><span class=\"einsatz-number\"><strong>Nummer:<\/strong> 2021014<\/span><br><span class=\"einsatz-datetime\"><strong>Datum:<\/strong> 13.03.2021 01:30<\/span><br><span class=\"einsatz-title\"><strong>Einsatzmeldung:<\/strong> <a href=\"https:\/\/www.ffw-heubach.de\/?einsatz=tueroeffnung\" rel=\"bookmark\">T\u00fcr\u00f6ffnung<\/a><\/span><br><span class=\"einsatz-location\"><strong>Einsatzort:<\/strong> In den Bachwiesen<\/span><br><\/td><td class=\"einsatz-column-number\">2021014<\/td><td class=\"einsatz-column-datetime\">13.03.2021 01:30<\/td><td class=\"einsatz-column-title\"><a href=\"https:\/\/www.ffw-heubach.de\/?einsatz=tueroeffnung\" rel=\"bookmark\">T\u00fcr\u00f6ffnung<\/a><\/td><td class=\"einsatz-column-location\">In den Bachwiesen<\/td><td class=\"einsatz-column-annotationImages\"><i class=\"fa-solid fa-camera\" aria-hidden=\"true\" title=\"Bericht enth\u00e4lt keine Bilder\" style=\"color: #bbb;\"><\/i><\/td><\/tr><tr class=\"report\"><td class=\"smallscreen\" colspan=\"5\" data-permalink=\"https:\/\/www.ffw-heubach.de\/?einsatz=tueroeffnung-gefahr-in-verzug\"><div class=\"annotation-icon-bar\"><i class=\"fa-solid fa-camera\" aria-hidden=\"true\" title=\"Bericht enth\u00e4lt keine Bilder\" style=\"color: #bbb;\"><\/i><\/div><span class=\"einsatz-number\"><strong>Nummer:<\/strong> 2021013<\/span><br><span class=\"einsatz-datetime\"><strong>Datum:<\/strong> 11.03.2021 15:20<\/span><br><span class=\"einsatz-title\"><strong>Einsatzmeldung:<\/strong> <a href=\"https:\/\/www.ffw-heubach.de\/?einsatz=tueroeffnung-gefahr-in-verzug\" rel=\"bookmark\">T\u00fcr\u00f6ffnung &#8211; Gefahr in Verzug<\/a><\/span><br><span class=\"einsatz-location\"><strong>Einsatzort:<\/strong> Danziger Stra\u00dfe, Heubach<\/span><br><\/td><td class=\"einsatz-column-number\">2021013<\/td><td class=\"einsatz-column-datetime\">11.03.2021 15:20<\/td><td class=\"einsatz-column-title\"><a href=\"https:\/\/www.ffw-heubach.de\/?einsatz=tueroeffnung-gefahr-in-verzug\" rel=\"bookmark\">T\u00fcr\u00f6ffnung &#8211; Gefahr in Verzug<\/a><\/td><td class=\"einsatz-column-location\">Danziger Stra\u00dfe, Heubach<\/td><td class=\"einsatz-column-annotationImages\"><i class=\"fa-solid fa-camera\" aria-hidden=\"true\" title=\"Bericht enth\u00e4lt keine Bilder\" style=\"color: #bbb;\"><\/i><\/td><\/tr><tr class=\"report\"><td class=\"smallscreen\" colspan=\"5\" data-permalink=\"https:\/\/www.ffw-heubach.de\/?einsatz=br-5-heckenbrand\"><div class=\"annotation-icon-bar\"><i class=\"fa-solid fa-camera\" aria-hidden=\"true\" title=\"Bericht enth\u00e4lt keine Bilder\" style=\"color: #bbb;\"><\/i><\/div><span class=\"einsatz-number\"><strong>Nummer:<\/strong> 2021012<\/span><br><span class=\"einsatz-datetime\"><strong>Datum:<\/strong> 10.03.2021 13:36<\/span><br><span class=\"einsatz-title\"><strong>Einsatzmeldung:<\/strong> <a href=\"https:\/\/www.ffw-heubach.de\/?einsatz=br-5-heckenbrand\" rel=\"bookmark\">Heckenbrand<\/a><\/span><br><span class=\"einsatz-location\"><strong>Einsatzort:<\/strong> Gm\u00fcnder Stra\u00dfe, Heubach<\/span><br><\/td><td class=\"einsatz-column-number\">2021012<\/td><td class=\"einsatz-column-datetime\">10.03.2021 13:36<\/td><td class=\"einsatz-column-title\"><a href=\"https:\/\/www.ffw-heubach.de\/?einsatz=br-5-heckenbrand\" rel=\"bookmark\">Heckenbrand<\/a><\/td><td class=\"einsatz-column-location\">Gm\u00fcnder Stra\u00dfe, Heubach<\/td><td class=\"einsatz-column-annotationImages\"><i class=\"fa-solid fa-camera\" aria-hidden=\"true\" title=\"Bericht enth\u00e4lt keine Bilder\" style=\"color: #bbb;\"><\/i><\/td><\/tr><tr class=\"report\"><td class=\"smallscreen\" colspan=\"5\" data-permalink=\"https:\/\/www.ffw-heubach.de\/?einsatz=br-5-brand-im-gewaechshaus\"><div class=\"annotation-icon-bar\"><i class=\"fa-solid fa-camera\" aria-hidden=\"true\" title=\"Bericht enth\u00e4lt keine Bilder\" style=\"color: #bbb;\"><\/i><\/div><span class=\"einsatz-number\"><strong>Nummer:<\/strong> 2021011<\/span><br><span class=\"einsatz-datetime\"><strong>Datum:<\/strong> 07.03.2021 04:30<\/span><br><span class=\"einsatz-title\"><strong>Einsatzmeldung:<\/strong> <a href=\"https:\/\/www.ffw-heubach.de\/?einsatz=br-5-brand-im-gewaechshaus\" rel=\"bookmark\">BR 5 Brand im Gew\u00e4chshaus<\/a><\/span><br><span class=\"einsatz-location\"><strong>Einsatzort:<\/strong> Rosensteinstr. Lautern<\/span><br><\/td><td class=\"einsatz-column-number\">2021011<\/td><td class=\"einsatz-column-datetime\">07.03.2021 04:30<\/td><td class=\"einsatz-column-title\"><a href=\"https:\/\/www.ffw-heubach.de\/?einsatz=br-5-brand-im-gewaechshaus\" rel=\"bookmark\">BR 5 Brand im Gew\u00e4chshaus<\/a><\/td><td class=\"einsatz-column-location\">Rosensteinstr. Lautern<\/td><td class=\"einsatz-column-annotationImages\"><i class=\"fa-solid fa-camera\" aria-hidden=\"true\" title=\"Bericht enth\u00e4lt keine Bilder\" style=\"color: #bbb;\"><\/i><\/td><\/tr><tr class=\"zebracorrection\"><td colspan=\"5\">&nbsp;<\/td><\/tr><tr class=\"einsatz-title-month\"><td colspan=\"5\">Februar<\/td><\/tr><tr class=\"einsatz-header\"><th style=\"white-space: nowrap;\">Nummer<\/th><th style=\"white-space: nowrap;\">Datum<\/th><th style=\"\">Einsatzmeldung<\/th><th style=\"\">Einsatzort<\/th><th style=\"\"><\/th><\/tr><tr class=\"report\"><td class=\"smallscreen\" colspan=\"5\" data-permalink=\"https:\/\/www.ffw-heubach.de\/?einsatz=br2-brand-gabelstapler\"><div class=\"annotation-icon-bar\"><i class=\"fa-solid fa-camera\" aria-hidden=\"true\" title=\"Bericht enth\u00e4lt Bilder\" style=\"\"><\/i><\/div><span class=\"einsatz-number\"><strong>Nummer:<\/strong> 2021010<\/span><br><span class=\"einsatz-datetime\"><strong>Datum:<\/strong> 25.02.2021 15:47<\/span><br><span class=\"einsatz-title\"><strong>Einsatzmeldung:<\/strong> <a href=\"https:\/\/www.ffw-heubach.de\/?einsatz=br2-brand-gabelstapler\" rel=\"bookmark\">Brennender Gabelstapler<\/a><\/span><br><span class=\"einsatz-location\"><strong>Einsatzort:<\/strong> Beiswanger Stra\u00dfe, Heubach<\/span><br><\/td><td class=\"einsatz-column-number\">2021010<\/td><td class=\"einsatz-column-datetime\">25.02.2021 15:47<\/td><td class=\"einsatz-column-title\"><a href=\"https:\/\/www.ffw-heubach.de\/?einsatz=br2-brand-gabelstapler\" rel=\"bookmark\">Brennender Gabelstapler<\/a><\/td><td class=\"einsatz-column-location\">Beiswanger Stra\u00dfe, Heubach<\/td><td class=\"einsatz-column-annotationImages\"><i class=\"fa-solid fa-camera\" aria-hidden=\"true\" title=\"Bericht enth\u00e4lt Bilder\" style=\"\"><\/i><\/td><\/tr><tr class=\"report\"><td class=\"smallscreen\" colspan=\"5\" data-permalink=\"https:\/\/www.ffw-heubach.de\/?einsatz=th-2-kleineinsatz\"><div class=\"annotation-icon-bar\"><i class=\"fa-solid fa-camera\" aria-hidden=\"true\" title=\"Bericht enth\u00e4lt keine Bilder\" style=\"color: #bbb;\"><\/i><\/div><span class=\"einsatz-number\"><strong>Nummer:<\/strong> 2021009<\/span><br><span class=\"einsatz-datetime\"><strong>Datum:<\/strong> 20.02.2021 12:08<\/span><br><span class=\"einsatz-title\"><strong>Einsatzmeldung:<\/strong> <a href=\"https:\/\/www.ffw-heubach.de\/?einsatz=th-2-kleineinsatz\" rel=\"bookmark\">Technische Hilfe Unterst\u00fctzung Rettungsdienst<\/a><\/span><br><span class=\"einsatz-location\"><strong>Einsatzort:<\/strong> Am Lerchenrain, Heubach<\/span><br><\/td><td class=\"einsatz-column-number\">2021009<\/td><td class=\"einsatz-column-datetime\">20.02.2021 12:08<\/td><td class=\"einsatz-column-title\"><a href=\"https:\/\/www.ffw-heubach.de\/?einsatz=th-2-kleineinsatz\" rel=\"bookmark\">Technische Hilfe Unterst\u00fctzung Rettungsdienst<\/a><\/td><td class=\"einsatz-column-location\">Am Lerchenrain, Heubach<\/td><td class=\"einsatz-column-annotationImages\"><i class=\"fa-solid fa-camera\" aria-hidden=\"true\" title=\"Bericht enth\u00e4lt keine Bilder\" style=\"color: #bbb;\"><\/i><\/td><\/tr><tr class=\"report\"><td class=\"smallscreen\" colspan=\"5\" data-permalink=\"https:\/\/www.ffw-heubach.de\/?einsatz=br-6-gebaeudebrand\"><div class=\"annotation-icon-bar\"><i class=\"fa-solid fa-camera\" aria-hidden=\"true\" title=\"Bericht enth\u00e4lt Bilder\" style=\"\"><\/i><\/div><span class=\"einsatz-number\"><strong>Nummer:<\/strong> 2021008<\/span><br><span class=\"einsatz-datetime\"><strong>Datum:<\/strong> 19.02.2021 22:30<\/span><br><span class=\"einsatz-title\"><strong>Einsatzmeldung:<\/strong> <a href=\"https:\/\/www.ffw-heubach.de\/?einsatz=br-6-gebaeudebrand\" rel=\"bookmark\">\u00dcberlandhilfe Brand mit Menschenleben in Gefahr<\/a><\/span><br><span class=\"einsatz-location\"><strong>Einsatzort:<\/strong> M\u00f6gglinger Stra\u00dfe, B\u00f6bingen an der Rems<\/span><br><\/td><td class=\"einsatz-column-number\">2021008<\/td><td class=\"einsatz-column-datetime\">19.02.2021 22:30<\/td><td class=\"einsatz-column-title\"><a href=\"https:\/\/www.ffw-heubach.de\/?einsatz=br-6-gebaeudebrand\" rel=\"bookmark\">\u00dcberlandhilfe Brand mit Menschenleben in Gefahr<\/a><\/td><td class=\"einsatz-column-location\">M\u00f6gglinger Stra\u00dfe, B\u00f6bingen an der Rems<\/td><td class=\"einsatz-column-annotationImages\"><i class=\"fa-solid fa-camera\" aria-hidden=\"true\" title=\"Bericht enth\u00e4lt Bilder\" style=\"\"><\/i><\/td><\/tr><tr class=\"report\"><td class=\"smallscreen\" colspan=\"5\" data-permalink=\"https:\/\/www.ffw-heubach.de\/?einsatz=br5-ausgeloeste-brandmeldeanlage-industriegebaeude-2\"><div class=\"annotation-icon-bar\"><i class=\"fa-solid fa-camera\" aria-hidden=\"true\" title=\"Bericht enth\u00e4lt keine Bilder\" style=\"color: #bbb;\"><\/i><\/div><span class=\"einsatz-number\"><strong>Nummer:<\/strong> 2021007<\/span><br><span class=\"einsatz-datetime\"><strong>Datum:<\/strong> 11.02.2021 17:30<\/span><br><span class=\"einsatz-title\"><strong>Einsatzmeldung:<\/strong> <a href=\"https:\/\/www.ffw-heubach.de\/?einsatz=br5-ausgeloeste-brandmeldeanlage-industriegebaeude-2\" rel=\"bookmark\">Ausgel\u00f6ste Brandmeldeanlage Industriegeb\u00e4ude<\/a><\/span><br><span class=\"einsatz-location\"><strong>Einsatzort:<\/strong> Am Flugplatz, Heubach<\/span><br><\/td><td class=\"einsatz-column-number\">2021007<\/td><td class=\"einsatz-column-datetime\">11.02.2021 17:30<\/td><td class=\"einsatz-column-title\"><a href=\"https:\/\/www.ffw-heubach.de\/?einsatz=br5-ausgeloeste-brandmeldeanlage-industriegebaeude-2\" rel=\"bookmark\">Ausgel\u00f6ste Brandmeldeanlage Industriegeb\u00e4ude<\/a><\/td><td class=\"einsatz-column-location\">Am Flugplatz, Heubach<\/td><td class=\"einsatz-column-annotationImages\"><i class=\"fa-solid fa-camera\" aria-hidden=\"true\" title=\"Bericht enth\u00e4lt keine Bilder\" style=\"color: #bbb;\"><\/i><\/td><\/tr><tr class=\"report\"><td class=\"smallscreen\" colspan=\"5\" data-permalink=\"https:\/\/www.ffw-heubach.de\/?einsatz=br-5-ausgeloeste-brandmeldeanlage-industriegebaeude\"><div class=\"annotation-icon-bar\"><i class=\"fa-solid fa-camera\" aria-hidden=\"true\" title=\"Bericht enth\u00e4lt keine Bilder\" style=\"color: #bbb;\"><\/i><\/div><span class=\"einsatz-number\"><strong>Nummer:<\/strong> 2021006<\/span><br><span class=\"einsatz-datetime\"><strong>Datum:<\/strong> 11.02.2021 01:30<\/span><br><span class=\"einsatz-title\"><strong>Einsatzmeldung:<\/strong> <a href=\"https:\/\/www.ffw-heubach.de\/?einsatz=br-5-ausgeloeste-brandmeldeanlage-industriegebaeude\" rel=\"bookmark\">Ausgel\u00f6ste Brandmeldeanlage Industriegeb\u00e4ude<\/a><\/span><br><span class=\"einsatz-location\"><strong>Einsatzort:<\/strong> Am Flugplatz, Heubach<\/span><br><\/td><td class=\"einsatz-column-number\">2021006<\/td><td class=\"einsatz-column-datetime\">11.02.2021 01:30<\/td><td class=\"einsatz-column-title\"><a href=\"https:\/\/www.ffw-heubach.de\/?einsatz=br-5-ausgeloeste-brandmeldeanlage-industriegebaeude\" rel=\"bookmark\">Ausgel\u00f6ste Brandmeldeanlage Industriegeb\u00e4ude<\/a><\/td><td class=\"einsatz-column-location\">Am Flugplatz, Heubach<\/td><td class=\"einsatz-column-annotationImages\"><i class=\"fa-solid fa-camera\" aria-hidden=\"true\" title=\"Bericht enth\u00e4lt keine Bilder\" style=\"color: #bbb;\"><\/i><\/td><\/tr><tr class=\"zebracorrection\"><td colspan=\"5\">&nbsp;<\/td><\/tr><tr class=\"einsatz-title-month\"><td colspan=\"5\">Januar<\/td><\/tr><tr class=\"einsatz-header\"><th style=\"white-space: nowrap;\">Nummer<\/th><th style=\"white-space: nowrap;\">Datum<\/th><th style=\"\">Einsatzmeldung<\/th><th style=\"\">Einsatzort<\/th><th style=\"\"><\/th><\/tr><tr class=\"report\"><td class=\"smallscreen\" colspan=\"5\" data-permalink=\"https:\/\/www.ffw-heubach.de\/?einsatz=kaminbrand\"><div class=\"annotation-icon-bar\"><i class=\"fa-solid fa-camera\" aria-hidden=\"true\" title=\"Bericht enth\u00e4lt keine Bilder\" style=\"color: #bbb;\"><\/i><\/div><span class=\"einsatz-number\"><strong>Nummer:<\/strong> 2021005<\/span><br><span class=\"einsatz-datetime\"><strong>Datum:<\/strong> 15.01.2021 19:30<\/span><br><span class=\"einsatz-title\"><strong>Einsatzmeldung:<\/strong> <a href=\"https:\/\/www.ffw-heubach.de\/?einsatz=kaminbrand\" rel=\"bookmark\">\u00dcberlandhilfe Kaminbrand<\/a><\/span><br><span class=\"einsatz-location\"><strong>Einsatzort:<\/strong> Lauterburg<\/span><br><\/td><td class=\"einsatz-column-number\">2021005<\/td><td class=\"einsatz-column-datetime\">15.01.2021 19:30<\/td><td class=\"einsatz-column-title\"><a href=\"https:\/\/www.ffw-heubach.de\/?einsatz=kaminbrand\" rel=\"bookmark\">\u00dcberlandhilfe Kaminbrand<\/a><\/td><td class=\"einsatz-column-location\">Lauterburg<\/td><td class=\"einsatz-column-annotationImages\"><i class=\"fa-solid fa-camera\" aria-hidden=\"true\" title=\"Bericht enth\u00e4lt keine Bilder\" style=\"color: #bbb;\"><\/i><\/td><\/tr><tr class=\"report\"><td class=\"smallscreen\" colspan=\"5\" data-permalink=\"https:\/\/www.ffw-heubach.de\/?einsatz=brandmeldeanlage-sonderbau\"><div class=\"annotation-icon-bar\"><i class=\"fa-solid fa-camera\" aria-hidden=\"true\" title=\"Bericht enth\u00e4lt keine Bilder\" style=\"color: #bbb;\"><\/i><\/div><span class=\"einsatz-number\"><strong>Nummer:<\/strong> 2021004<\/span><br><span class=\"einsatz-datetime\"><strong>Datum:<\/strong> 11.01.2021 10:39<\/span><br><span class=\"einsatz-title\"><strong>Einsatzmeldung:<\/strong> <a href=\"https:\/\/www.ffw-heubach.de\/?einsatz=brandmeldeanlage-sonderbau\" rel=\"bookmark\">\u00dcberlandhilfe Brandmeldeanlage Sonderbau<\/a><\/span><br><span class=\"einsatz-location\"><strong>Einsatzort:<\/strong> Heubacher Stra\u00dfe, M\u00f6gglingen<\/span><br><\/td><td class=\"einsatz-column-number\">2021004<\/td><td class=\"einsatz-column-datetime\">11.01.2021 10:39<\/td><td class=\"einsatz-column-title\"><a href=\"https:\/\/www.ffw-heubach.de\/?einsatz=brandmeldeanlage-sonderbau\" rel=\"bookmark\">\u00dcberlandhilfe Brandmeldeanlage Sonderbau<\/a><\/td><td class=\"einsatz-column-location\">Heubacher Stra\u00dfe, M\u00f6gglingen<\/td><td class=\"einsatz-column-annotationImages\"><i class=\"fa-solid fa-camera\" aria-hidden=\"true\" title=\"Bericht enth\u00e4lt keine Bilder\" style=\"color: #bbb;\"><\/i><\/td><\/tr><tr class=\"report\"><td class=\"smallscreen\" colspan=\"5\" data-permalink=\"https:\/\/www.ffw-heubach.de\/?einsatz=oelspur-4\"><div class=\"annotation-icon-bar\"><i class=\"fa-solid fa-camera\" aria-hidden=\"true\" title=\"Bericht enth\u00e4lt keine Bilder\" style=\"color: #bbb;\"><\/i><\/div><span class=\"einsatz-number\"><strong>Nummer:<\/strong> 2021003<\/span><br><span class=\"einsatz-datetime\"><strong>Datum:<\/strong> 08.01.2021 19:30<\/span><br><span class=\"einsatz-title\"><strong>Einsatzmeldung:<\/strong> <a href=\"https:\/\/www.ffw-heubach.de\/?einsatz=oelspur-4\" rel=\"bookmark\">\u00d6lspur<\/a><\/span><br><span class=\"einsatz-location\"><strong>Einsatzort:<\/strong> Heubach<\/span><br><\/td><td class=\"einsatz-column-number\">2021003<\/td><td class=\"einsatz-column-datetime\">08.01.2021 19:30<\/td><td class=\"einsatz-column-title\"><a href=\"https:\/\/www.ffw-heubach.de\/?einsatz=oelspur-4\" rel=\"bookmark\">\u00d6lspur<\/a><\/td><td class=\"einsatz-column-location\">Heubach<\/td><td class=\"einsatz-column-annotationImages\"><i class=\"fa-solid fa-camera\" aria-hidden=\"true\" title=\"Bericht enth\u00e4lt keine Bilder\" style=\"color: #bbb;\"><\/i><\/td><\/tr><tr class=\"report\"><td class=\"smallscreen\" colspan=\"5\" data-permalink=\"https:\/\/www.ffw-heubach.de\/?einsatz=wasserrohrbruch\"><div class=\"annotation-icon-bar\"><i class=\"fa-solid fa-camera\" aria-hidden=\"true\" title=\"Bericht enth\u00e4lt keine Bilder\" style=\"color: #bbb;\"><\/i><\/div><span class=\"einsatz-number\"><strong>Nummer:<\/strong> 2021002<\/span><br><span class=\"einsatz-datetime\"><strong>Datum:<\/strong> 07.01.2021 00:05<\/span><br><span class=\"einsatz-title\"><strong>Einsatzmeldung:<\/strong> <a href=\"https:\/\/www.ffw-heubach.de\/?einsatz=wasserrohrbruch\" rel=\"bookmark\">Wasserrohrbruch<\/a><\/span><br><span class=\"einsatz-location\"><strong>Einsatzort:<\/strong> Willhelmstra\u00dfe, Heubach<\/span><br><\/td><td class=\"einsatz-column-number\">2021002<\/td><td class=\"einsatz-column-datetime\">07.01.2021 00:05<\/td><td class=\"einsatz-column-title\"><a href=\"https:\/\/www.ffw-heubach.de\/?einsatz=wasserrohrbruch\" rel=\"bookmark\">Wasserrohrbruch<\/a><\/td><td class=\"einsatz-column-location\">Willhelmstra\u00dfe, Heubach<\/td><td class=\"einsatz-column-annotationImages\"><i class=\"fa-solid fa-camera\" aria-hidden=\"true\" title=\"Bericht enth\u00e4lt keine Bilder\" style=\"color: #bbb;\"><\/i><\/td><\/tr><tr class=\"report\"><td class=\"smallscreen\" colspan=\"5\" data-permalink=\"https:\/\/www.ffw-heubach.de\/?einsatz=verkehrsunfall-ohne-menschenrettung\"><div class=\"annotation-icon-bar\"><i class=\"fa-solid fa-camera\" aria-hidden=\"true\" title=\"Bericht enth\u00e4lt Bilder\" style=\"\"><\/i><\/div><span class=\"einsatz-number\"><strong>Nummer:<\/strong> 2021001<\/span><br><span class=\"einsatz-datetime\"><strong>Datum:<\/strong> 06.01.2021 14:30<\/span><br><span class=\"einsatz-title\"><strong>Einsatzmeldung:<\/strong> <a href=\"https:\/\/www.ffw-heubach.de\/?einsatz=verkehrsunfall-ohne-menschenrettung\" rel=\"bookmark\">Verkehrsunfall ohne Menschenrettung<\/a><\/span><br><span class=\"einsatz-location\"><strong>Einsatzort:<\/strong> L1162, Heubach<\/span><br><\/td><td class=\"einsatz-column-number\">2021001<\/td><td class=\"einsatz-column-datetime\">06.01.2021 14:30<\/td><td class=\"einsatz-column-title\"><a href=\"https:\/\/www.ffw-heubach.de\/?einsatz=verkehrsunfall-ohne-menschenrettung\" rel=\"bookmark\">Verkehrsunfall ohne Menschenrettung<\/a><\/td><td class=\"einsatz-column-location\">L1162, Heubach<\/td><td class=\"einsatz-column-annotationImages\"><i class=\"fa-solid fa-camera\" aria-hidden=\"true\" title=\"Bericht enth\u00e4lt Bilder\" style=\"\"><\/i><\/td><\/tr><\/tbody><\/table>\n","protected":false},"excerpt":{"rendered":"<p>Erhalten sie einen \u00dcberblick \u00fcber vergangene Eins\u00e4tze im Kalenderjahr 2021. Wichtiger Hinweis:&nbsp; Auf unserer Internetseite berichten wir ausf\u00fchrlich (also auch mit Bildmaterial) \u00fcber unser Einsatzgeschehen. Bilder werden durch uns erst gemacht, wenn das Einsatzgeschehen dies zul\u00e4sst. In vielen F\u00e4llen greifen wir auch auf Bildmaterial der Medien zur\u00fcck. Es werden keine Bilder von Verletzten oder Toten [&hellip;]<\/p>\n","protected":false},"author":1,"featured_media":0,"parent":0,"menu_order":0,"comment_status":"closed","ping_status":"closed","template":"","meta":{"jetpack_post_was_ever_published":false,"footnotes":""},"class_list":["post-4280","page","type-page","status-publish","hentry"],"jetpack_sharing_enabled":true,"jetpack_shortlink":"https:\/\/wp.me\/P9MGZH-172","_links":{"self":[{"href":"https:\/\/www.ffw-heubach.de\/index.php?rest_route=\/wp\/v2\/pages\/4280","targetHints":{"allow":["GET"]}}],"collection":[{"href":"https:\/\/www.ffw-heubach.de\/index.php?rest_route=\/wp\/v2\/pages"}],"about":[{"href":"https:\/\/www.ffw-heubach.de\/index.php?rest_route=\/wp\/v2\/types\/page"}],"author":[{"embeddable":true,"href":"https:\/\/www.ffw-heubach.de\/index.php?rest_route=\/wp\/v2\/users\/1"}],"replies":[{"embeddable":true,"href":"https:\/\/www.ffw-heubach.de\/index.php?rest_route=%2Fwp%2Fv2%2Fcomments&post=4280"}],"version-history":[{"count":1,"href":"https:\/\/www.ffw-heubach.de\/index.php?rest_route=\/wp\/v2\/pages\/4280\/revisions"}],"predecessor-version":[{"id":4281,"href":"https:\/\/www.ffw-heubach.de\/index.php?rest_route=\/wp\/v2\/pages\/4280\/revisions\/4281"}],"wp:attachment":[{"href":"https:\/\/www.ffw-heubach.de\/index.php?rest_route=%2Fwp%2Fv2%2Fmedia&parent=4280"}],"curies":[{"name":"wp","href":"https:\/\/api.w.org\/{rel}","templated":true}]}}