{"id":4392,"date":"2021-02-25T15:47:00","date_gmt":"2021-02-25T14:47:00","guid":{"rendered":"https:\/\/www.ffw-heubach.de\/?post_type=einsatz&#038;p=4392"},"modified":"2021-02-27T12:14:00","modified_gmt":"2021-02-27T11:14:00","slug":"br2-brand-gabelstapler","status":"publish","type":"einsatz","link":"https:\/\/www.ffw-heubach.de\/?einsatz=br2-brand-gabelstapler","title":{"rendered":"Brennender Gabelstapler"},"content":{"rendered":"\n<p>Beim Eintreffen der Feuerwehr stand der in Vollbrand stehende Gabelstapler direkt an der Laderampe des Kaufhauses. Das ersteintreffende Fahrzeug der Feuerwehr begann sofort mit dem 1. Strahlrohr das Geb\u00e4ude mit einer Riegelstellung zu sch\u00fctzen, und mit einem 2. Strahlrohr die direkte Brandbek\u00e4mpfung zum Abl\u00f6schen des Staplers. Das zweite L\u00f6schfahrzeug der Feuerwehr zog dann mit Hilfe der Seilwinde das Fahrzeug vom Geb\u00e4ude weg und erm\u00f6glichte dadurch die restliche Brandbek\u00e4mpfung mit den beiden Strahlrohren. Desweiteren wurde das Lager wegen des eindringenden Rauches noch bel\u00fcftet. <\/p>\n","protected":false},"author":5,"featured_media":4389,"template":"","meta":{"jetpack_post_was_ever_published":false,"einsatz_weight":1,"footnotes":"","jetpack_publicize_message":"","jetpack_publicize_feature_enabled":true,"jetpack_social_post_already_shared":false,"jetpack_social_options":{"image_generator_settings":{"template":"highway","default_image_id":0,"font":"","enabled":false},"version":2}},"categories":[5],"tags":[],"einsatzart":[62],"fahrzeug":[58,100,99,104],"exteinsatzmittel":[59],"alarmierungsart":[],"evw_unit":[209,207,205,190],"class_list":["post-4392","einsatz","type-einsatz","status-publish","has-post-thumbnail","hentry","category-brandeinsatz","einsatzart-br2","fahrzeug-elw","fahrzeug-florian-heubach-37-43-hlf-10","fahrzeug-florian-heubach-37-44-hlf-20","fahrzeug-lf8","exteinsatzmittel-polizei","evw_unit-fuehrung-a-zvd","evw_unit-gruppe-br-heubach","evw_unit-staffel-br-heubach","evw_unit-staffel-br-lautern"],"jetpack_publicize_connections":[],"jetpack_sharing_enabled":true,"_links":{"self":[{"href":"https:\/\/www.ffw-heubach.de\/index.php?rest_route=\/wp\/v2\/einsatz\/4392","targetHints":{"allow":["GET"]}}],"collection":[{"href":"https:\/\/www.ffw-heubach.de\/index.php?rest_route=\/wp\/v2\/einsatz"}],"about":[{"href":"https:\/\/www.ffw-heubach.de\/index.php?rest_route=\/wp\/v2\/types\/einsatz"}],"author":[{"embeddable":true,"href":"https:\/\/www.ffw-heubach.de\/index.php?rest_route=\/wp\/v2\/users\/5"}],"version-history":[{"count":4,"href":"https:\/\/www.ffw-heubach.de\/index.php?rest_route=\/wp\/v2\/einsatz\/4392\/revisions"}],"predecessor-version":[{"id":4400,"href":"https:\/\/www.ffw-heubach.de\/index.php?rest_route=\/wp\/v2\/einsatz\/4392\/revisions\/4400"}],"wp:featuredmedia":[{"embeddable":true,"href":"https:\/\/www.ffw-heubach.de\/index.php?rest_route=\/wp\/v2\/media\/4389"}],"wp:attachment":[{"href":"https:\/\/www.ffw-heubach.de\/index.php?rest_route=%2Fwp%2Fv2%2Fmedia&parent=4392"}],"wp:term":[{"taxonomy":"category","embeddable":true,"href":"https:\/\/www.ffw-heubach.de\/index.php?rest_route=%2Fwp%2Fv2%2Fcategories&post=4392"},{"taxonomy":"post_tag","embeddable":true,"href":"https:\/\/www.ffw-heubach.de\/index.php?rest_route=%2Fwp%2Fv2%2Ftags&post=4392"},{"taxonomy":"einsatzart","embeddable":true,"href":"https:\/\/www.ffw-heubach.de\/index.php?rest_route=%2Fwp%2Fv2%2Feinsatzart&post=4392"},{"taxonomy":"fahrzeug","embeddable":true,"href":"https:\/\/www.ffw-heubach.de\/index.php?rest_route=%2Fwp%2Fv2%2Ffahrzeug&post=4392"},{"taxonomy":"exteinsatzmittel","embeddable":true,"href":"https:\/\/www.ffw-heubach.de\/index.php?rest_route=%2Fwp%2Fv2%2Fexteinsatzmittel&post=4392"},{"taxonomy":"alarmierungsart","embeddable":true,"href":"https:\/\/www.ffw-heubach.de\/index.php?rest_route=%2Fwp%2Fv2%2Falarmierungsart&post=4392"},{"taxonomy":"evw_unit","embeddable":true,"href":"https:\/\/www.ffw-heubach.de\/index.php?rest_route=%2Fwp%2Fv2%2Fevw_unit&post=4392"}],"curies":[{"name":"wp","href":"https:\/\/api.w.org\/{rel}","templated":true}]}}